{"id":18045,"date":"2025-11-06T12:23:47","date_gmt":"2025-11-06T10:23:47","guid":{"rendered":"https:\/\/sateenkaarihistoria.fi\/?post_type=tribe_events&#038;p=18045"},"modified":"2025-11-06T12:23:47","modified_gmt":"2025-11-06T10:23:47","slug":"utstallning-flykten-till-mumindalen-regnbagsstig","status":"publish","type":"tribe_events","link":"https:\/\/sateenkaarihistoria.fi\/sv\/event\/utstallning-flykten-till-mumindalen-regnbagsstig\/","title":{"rendered":"Utst\u00e4llning: Flykten till Mumindalen &#038; regnb\u00e5gsstig"},"content":{"rendered":"<p>Bild: Tove Jansson och katten Psipsina i atelj\u00e9n i Helsingfors, 1962 Foto: Museiverket.<\/p>\n<p>Arkitektur- och designmuseets nya stora<strong> utst\u00e4llning Flykten till Mumindalen<\/strong> \u00f6ppnar den 10 oktober 2025 och utg\u00f6r h\u00f6jdpunkten i de globala festligheterna kring muminber\u00e4ttelsernas 80-\u00e5rsjubileum. De \u00e4lskade mumintrollen, skapade av den finlandssvenska konstn\u00e4ren och f\u00f6rfattaren Tove Jansson (1914\u20132001), har blivit kulturella ikoner b\u00e5de i Finland och l\u00e5ngt utanf\u00f6r. Jansson f\u00f6rest\u00e4llde sig ursprungligen Mumindalen som en fristad i oroliga tider.<\/p>\n<p>Flykten till Mumindalen unders\u00f6ker p\u00e5 ett nytt s\u00e4tt sambanden mellan Tove Jansson, mumintrollen, arkitektur och design. Resan b\u00f6rjar i platser och landskap som stod Jansson n\u00e4ra, f\u00f6r att sedan leda bes\u00f6karen in i Mumindalens fantasifulla rum.<\/p>\n<p>Utst\u00e4llningen visar hur milj\u00f6er som var centrala i Janssons liv \u2013 hennes atelj\u00e9hem i Helsingfors och den avl\u00e4gsna sommar\u00f6n Klovharun \u2013 formade hennes skapande. Genom arkivmaterial, f\u00f6rem\u00e5l och fotografier f\u00e5r bes\u00f6karen stiga in i dessa milj\u00f6er.<\/p>\n<p>I centrum av utst\u00e4llningen finns en nytolkad Mumindal, d\u00e4r ber\u00e4ttelsernas rum och milj\u00f6er betraktas ur figurernas perspektiv. Vad inneb\u00e4r ett gemensamt rum i fallet med Muminfamiljens badhus, som vintertid tas i besittning av Too-ticki och de osynliga n\u00e4bbm\u00f6ssen?<\/p>\n<p><strong>Mumindalen som fristad<\/strong><\/p>\n<p>Janssons ber\u00e4ttelser speglar ofta den turbulenta verklighet som r\u00e5dde d\u00e5 de skrevs. Hon b\u00f6rjade skapa dem under andra v\u00e4rldskriget, mitt under bombningarna av Helsingfors. Hennes f\u00f6rsta muminber\u00e4ttelse Sm\u00e5trollen och den stora \u00f6versv\u00e4mningen (1945) handlar om en familj som splittras av en katastrof, s\u00f6ker skydd och till sist finner ett hem och en trygghet i Mumindalen. F\u00f6r Jansson sj\u00e4lv blev Mumindalen ocks\u00e5 en personlig tillflykt.<\/p>\n<p>I samma anda erbjuder Flykten till Mumindalen bes\u00f6karna b\u00e5de en fristad undan h\u00f6ststormarna och en spegel mot verklighetens omv\u00e4lvningar. Teman h\u00e4mtade fr\u00e5n muminber\u00e4ttelserna \u2013 hem och heml\u00f6shet, ensamhet och gemenskap, trygghet och otrygghet \u2013 \u00f6ppnar upp fr\u00e5gor om vad Mumindalen och Janssons relation till rum kan betyda f\u00f6r oss idag. Utst\u00e4llningen presenterar \u00e4ven samtida formgivares och arkitekters l\u00f6sningar p\u00e5 fr\u00e5gor som r\u00f6r \u00f6verlevnad, skydd, gemenskap och resiliens.<\/p>\n<p><em>Utst\u00e4llningen genomf\u00f6rs i samarbete med Moomin Characters.<\/em><\/p>\n<p><strong>Regnb\u00e5gsstig: Flykten till Mumidalen<\/strong><\/p>\n<p>Regnb\u00e5gsstigen \u00e4r en normkritisk stig i utst\u00e4llningen Flykten till Mumindalen, som utforskar m\u00e5ngfalden av k\u00f6n och sexualitet genom Tove Janssons liv och konst. Regnb\u00e5gsstigen \u00f6ppnar upp f\u00f6r tolkningar och personliga reflektioner: hur formar rum, f\u00f6rem\u00e5l och kulturella ideal identitet, och vilka betydelser kan de b\u00e4ra ur ett queert perspektiv? Stigen erbjuder inga f\u00e4rdiga svar, utan bjuder in till att se utst\u00e4llningen p\u00e5 ett annat s\u00e4tt \u2013 nyfiket, empatiskt och med uppskattning f\u00f6r m\u00e5ngfald. Regnb\u00e5gsstigen finns som ett tryckt h\u00e4fte p\u00e5 museet. H\u00e4ftet kan l\u00e5nasatt gratis under museibes\u00f6ket. Inneh\u00e5llet i regnb\u00e5gsstigen finns ocks\u00e5 som textversion p\u00e5 denna webbplats.<\/p>\n<p>Arkitektur- och designmuseet \u00e4r tillg\u00e4nglig.<\/p>\n","protected":false},"excerpt":{"rendered":"<p>Bild: Tove Jansson och katten Psipsina i atelj\u00e9n i Helsingfors, 1962 Foto: Museiverket. Arkitektur- och designmuseets nya stora utst\u00e4llning Flykten till Mumindalen \u00f6ppnar den 10 oktober 2025 och utg\u00f6r h\u00f6jdpunkten&hellip;&nbsp;<a href=\"https:\/\/sateenkaarihistoria.fi\/sv\/event\/utstallning-flykten-till-mumindalen-regnbagsstig\/\" rel=\"bookmark\">L\u00e4s mer &raquo;<span class=\"screen-reader-text\">Utst\u00e4llning: Flykten till Mumindalen &#038; regnb\u00e5gsstig<\/span><\/a><\/p>\n","protected":false},"author":1,"featured_media":17870,"template":"","meta":{"_kad_blocks_custom_css":"","_kad_blocks_head_custom_js":"","_kad_blocks_body_custom_js":"","_kad_blocks_footer_custom_js":"","neve_meta_sidebar":"","neve_meta_container":"","neve_meta_enable_content_width":"","neve_meta_content_width":0,"neve_meta_title_alignment":"","neve_meta_author_avatar":"","neve_post_elements_order":"","neve_meta_disable_header":"","neve_meta_disable_footer":"","neve_meta_disable_title":"","_tribe_events_status":"","_tribe_events_status_reason":"","footnotes":""},"tags":[],"tribe_events_cat":[],"class_list":["post-18045","tribe_events","type-tribe_events","status-publish","has-post-thumbnail","hentry"],"yoast_head":"<!-- This site is optimized with the Yoast SEO plugin v26.7 - https:\/\/yoast.com\/wordpress\/plugins\/seo\/ -->\n<title>Utst\u00e4llning: Flykten till Mumindalen &amp; regnb\u00e5gsstig - Sateenkaari\u00adhistorian yst\u00e4v\u00e4t<\/title>\n<meta name=\"robots\" content=\"index, follow, max-snippet:-1, max-image-preview:large, max-video-preview:-1\" \/>\n<link rel=\"canonical\" href=\"https:\/\/sateenkaarihistoria.fi\/sv\/event\/utstallning-flykten-till-mumindalen-regnbagsstig\/\" \/>\n<meta property=\"og:locale\" content=\"sv_SE\" \/>\n<meta property=\"og:type\" content=\"article\" \/>\n<meta property=\"og:title\" content=\"Utst\u00e4llning: Flykten till Mumindalen &amp; regnb\u00e5gsstig - Sateenkaari\u00adhistorian yst\u00e4v\u00e4t\" \/>\n<meta property=\"og:description\" content=\"Bild: Tove Jansson och katten Psipsina i atelj\u00e9n i Helsingfors, 1962 Foto: Museiverket. Arkitektur- och designmuseets nya stora utst\u00e4llning Flykten till Mumindalen \u00f6ppnar den 10 oktober 2025 och utg\u00f6r h\u00f6jdpunkten&hellip;&nbsp;L\u00e4s mer &raquo;Utst\u00e4llning: Flykten till Mumindalen &#038; regnb\u00e5gsstig\" \/>\n<meta property=\"og:url\" content=\"https:\/\/sateenkaarihistoria.fi\/sv\/event\/utstallning-flykten-till-mumindalen-regnbagsstig\/\" \/>\n<meta property=\"og:site_name\" content=\"Sateenkaari\u00adhistorian yst\u00e4v\u00e4t\" \/>\n<meta property=\"article:publisher\" content=\"https:\/\/www.facebook.com\/sateenkaarihistoria\" \/>\n<meta property=\"og:image\" content=\"https:\/\/sateenkaarihistoria.fi\/wp-content\/uploads\/2025\/10\/02-Tove-Jansson-ja-kissa-Psipsina-Helsingin-ateljeessa-1962-Kuva_-Museovirasto-scaled.jpg\" \/>\n\t<meta property=\"og:image:width\" content=\"2549\" \/>\n\t<meta property=\"og:image:height\" content=\"2560\" \/>\n\t<meta property=\"og:image:type\" content=\"image\/jpeg\" \/>\n<meta name=\"twitter:card\" content=\"summary_large_image\" \/>\n<meta name=\"twitter:label1\" content=\"Ber\u00e4knad l\u00e4stid\" \/>\n\t<meta name=\"twitter:data1\" content=\"3 minuter\" \/>\n<script type=\"application\/ld+json\" class=\"yoast-schema-graph\">{\"@context\":\"https:\/\/schema.org\",\"@graph\":[{\"@type\":\"WebPage\",\"@id\":\"https:\/\/sateenkaarihistoria.fi\/sv\/event\/utstallning-flykten-till-mumindalen-regnbagsstig\/\",\"url\":\"https:\/\/sateenkaarihistoria.fi\/sv\/event\/utstallning-flykten-till-mumindalen-regnbagsstig\/\",\"name\":\"Utst\u00e4llning: Flykten till Mumindalen & regnb\u00e5gsstig - Sateenkaari\u00adhistorian yst\u00e4v\u00e4t\",\"isPartOf\":{\"@id\":\"https:\/\/sateenkaarihistoria.fi\/#website\"},\"primaryImageOfPage\":{\"@id\":\"https:\/\/sateenkaarihistoria.fi\/sv\/event\/utstallning-flykten-till-mumindalen-regnbagsstig\/#primaryimage\"},\"image\":{\"@id\":\"https:\/\/sateenkaarihistoria.fi\/sv\/event\/utstallning-flykten-till-mumindalen-regnbagsstig\/#primaryimage\"},\"thumbnailUrl\":\"https:\/\/sateenkaarihistoria.fi\/wp-content\/uploads\/2025\/10\/02-Tove-Jansson-ja-kissa-Psipsina-Helsingin-ateljeessa-1962-Kuva_-Museovirasto-scaled.jpg\",\"datePublished\":\"2025-11-06T10:23:47+00:00\",\"breadcrumb\":{\"@id\":\"https:\/\/sateenkaarihistoria.fi\/sv\/event\/utstallning-flykten-till-mumindalen-regnbagsstig\/#breadcrumb\"},\"inLanguage\":\"sv-SE\",\"potentialAction\":[{\"@type\":\"ReadAction\",\"target\":[\"https:\/\/sateenkaarihistoria.fi\/sv\/event\/utstallning-flykten-till-mumindalen-regnbagsstig\/\"]}]},{\"@type\":\"ImageObject\",\"inLanguage\":\"sv-SE\",\"@id\":\"https:\/\/sateenkaarihistoria.fi\/sv\/event\/utstallning-flykten-till-mumindalen-regnbagsstig\/#primaryimage\",\"url\":\"https:\/\/sateenkaarihistoria.fi\/wp-content\/uploads\/2025\/10\/02-Tove-Jansson-ja-kissa-Psipsina-Helsingin-ateljeessa-1962-Kuva_-Museovirasto-scaled.jpg\",\"contentUrl\":\"https:\/\/sateenkaarihistoria.fi\/wp-content\/uploads\/2025\/10\/02-Tove-Jansson-ja-kissa-Psipsina-Helsingin-ateljeessa-1962-Kuva_-Museovirasto-scaled.jpg\",\"width\":2549,\"height\":2560},{\"@type\":\"BreadcrumbList\",\"@id\":\"https:\/\/sateenkaarihistoria.fi\/sv\/event\/utstallning-flykten-till-mumindalen-regnbagsstig\/#breadcrumb\",\"itemListElement\":[{\"@type\":\"ListItem\",\"position\":1,\"name\":\"Etusivu\",\"item\":\"https:\/\/sateenkaarihistoria.fi\/sv\/\"},{\"@type\":\"ListItem\",\"position\":2,\"name\":\"Tapahtumat\",\"item\":\"https:\/\/sateenkaarihistoria.fi\/events\/\"},{\"@type\":\"ListItem\",\"position\":3,\"name\":\"Utst\u00e4llning: Flykten till Mumindalen &#038; regnb\u00e5gsstig\"}]},{\"@type\":\"WebSite\",\"@id\":\"https:\/\/sateenkaarihistoria.fi\/#website\",\"url\":\"https:\/\/sateenkaarihistoria.fi\/\",\"name\":\"Sateenkaari\u00adhistorian yst\u00e4v\u00e4t\",\"description\":\"Suomalaisen sateenkaarihistorian verkkopalvelu, joka kokoaa yhteen l\u00e4hteit\u00e4, aineistoja ja tietoa queer-historiasta, transhistoriasta, sukupuoliv\u00e4hemmist\u00f6jen ja seksuaaliv\u00e4hemmist\u00f6jen historiasta sek\u00e4 niiden tutkimuksesta.\",\"publisher\":{\"@id\":\"https:\/\/sateenkaarihistoria.fi\/#organization\"},\"potentialAction\":[{\"@type\":\"SearchAction\",\"target\":{\"@type\":\"EntryPoint\",\"urlTemplate\":\"https:\/\/sateenkaarihistoria.fi\/?s={search_term_string}\"},\"query-input\":{\"@type\":\"PropertyValueSpecification\",\"valueRequired\":true,\"valueName\":\"search_term_string\"}}],\"inLanguage\":\"sv-SE\"},{\"@type\":\"Organization\",\"@id\":\"https:\/\/sateenkaarihistoria.fi\/#organization\",\"name\":\"Sateenkaarihistorian yst\u00e4v\u00e4t\",\"url\":\"https:\/\/sateenkaarihistoria.fi\/\",\"logo\":{\"@type\":\"ImageObject\",\"inLanguage\":\"sv-SE\",\"@id\":\"https:\/\/sateenkaarihistoria.fi\/#\/schema\/logo\/image\/\",\"url\":\"https:\/\/i0.wp.com\/sateenkaarihistoria.fi\/wp-content\/uploads\/2021\/12\/SHY-logo_250x169.jpg?fit=250%2C169&ssl=1\",\"contentUrl\":\"https:\/\/i0.wp.com\/sateenkaarihistoria.fi\/wp-content\/uploads\/2021\/12\/SHY-logo_250x169.jpg?fit=250%2C169&ssl=1\",\"width\":250,\"height\":169,\"caption\":\"Sateenkaarihistorian yst\u00e4v\u00e4t\"},\"image\":{\"@id\":\"https:\/\/sateenkaarihistoria.fi\/#\/schema\/logo\/image\/\"},\"sameAs\":[\"https:\/\/www.facebook.com\/sateenkaarihistoria\",\"https:\/\/instagram.com\/sateenkaarihistoria\"]}]}<\/script>\n<!-- \/ Yoast SEO plugin. -->","yoast_head_json":{"title":"Utst\u00e4llning: Flykten till Mumindalen & regnb\u00e5gsstig - Sateenkaari\u00adhistorian yst\u00e4v\u00e4t","robots":{"index":"index","follow":"follow","max-snippet":"max-snippet:-1","max-image-preview":"max-image-preview:large","max-video-preview":"max-video-preview:-1"},"canonical":"https:\/\/sateenkaarihistoria.fi\/sv\/event\/utstallning-flykten-till-mumindalen-regnbagsstig\/","og_locale":"sv_SE","og_type":"article","og_title":"Utst\u00e4llning: Flykten till Mumindalen & regnb\u00e5gsstig - Sateenkaari\u00adhistorian yst\u00e4v\u00e4t","og_description":"Bild: Tove Jansson och katten Psipsina i atelj\u00e9n i Helsingfors, 1962 Foto: Museiverket. Arkitektur- och designmuseets nya stora utst\u00e4llning Flykten till Mumindalen \u00f6ppnar den 10 oktober 2025 och utg\u00f6r h\u00f6jdpunkten&hellip;&nbsp;L\u00e4s mer &raquo;Utst\u00e4llning: Flykten till Mumindalen &#038; regnb\u00e5gsstig","og_url":"https:\/\/sateenkaarihistoria.fi\/sv\/event\/utstallning-flykten-till-mumindalen-regnbagsstig\/","og_site_name":"Sateenkaari\u00adhistorian yst\u00e4v\u00e4t","article_publisher":"https:\/\/www.facebook.com\/sateenkaarihistoria","og_image":[{"width":2549,"height":2560,"url":"https:\/\/sateenkaarihistoria.fi\/wp-content\/uploads\/2025\/10\/02-Tove-Jansson-ja-kissa-Psipsina-Helsingin-ateljeessa-1962-Kuva_-Museovirasto-scaled.jpg","type":"image\/jpeg"}],"twitter_card":"summary_large_image","twitter_misc":{"Ber\u00e4knad l\u00e4stid":"3 minuter"},"schema":{"@context":"https:\/\/schema.org","@graph":[{"@type":"WebPage","@id":"https:\/\/sateenkaarihistoria.fi\/sv\/event\/utstallning-flykten-till-mumindalen-regnbagsstig\/","url":"https:\/\/sateenkaarihistoria.fi\/sv\/event\/utstallning-flykten-till-mumindalen-regnbagsstig\/","name":"Utst\u00e4llning: Flykten till Mumindalen & regnb\u00e5gsstig - Sateenkaari\u00adhistorian yst\u00e4v\u00e4t","isPartOf":{"@id":"https:\/\/sateenkaarihistoria.fi\/#website"},"primaryImageOfPage":{"@id":"https:\/\/sateenkaarihistoria.fi\/sv\/event\/utstallning-flykten-till-mumindalen-regnbagsstig\/#primaryimage"},"image":{"@id":"https:\/\/sateenkaarihistoria.fi\/sv\/event\/utstallning-flykten-till-mumindalen-regnbagsstig\/#primaryimage"},"thumbnailUrl":"https:\/\/sateenkaarihistoria.fi\/wp-content\/uploads\/2025\/10\/02-Tove-Jansson-ja-kissa-Psipsina-Helsingin-ateljeessa-1962-Kuva_-Museovirasto-scaled.jpg","datePublished":"2025-11-06T10:23:47+00:00","breadcrumb":{"@id":"https:\/\/sateenkaarihistoria.fi\/sv\/event\/utstallning-flykten-till-mumindalen-regnbagsstig\/#breadcrumb"},"inLanguage":"sv-SE","potentialAction":[{"@type":"ReadAction","target":["https:\/\/sateenkaarihistoria.fi\/sv\/event\/utstallning-flykten-till-mumindalen-regnbagsstig\/"]}]},{"@type":"ImageObject","inLanguage":"sv-SE","@id":"https:\/\/sateenkaarihistoria.fi\/sv\/event\/utstallning-flykten-till-mumindalen-regnbagsstig\/#primaryimage","url":"https:\/\/sateenkaarihistoria.fi\/wp-content\/uploads\/2025\/10\/02-Tove-Jansson-ja-kissa-Psipsina-Helsingin-ateljeessa-1962-Kuva_-Museovirasto-scaled.jpg","contentUrl":"https:\/\/sateenkaarihistoria.fi\/wp-content\/uploads\/2025\/10\/02-Tove-Jansson-ja-kissa-Psipsina-Helsingin-ateljeessa-1962-Kuva_-Museovirasto-scaled.jpg","width":2549,"height":2560},{"@type":"BreadcrumbList","@id":"https:\/\/sateenkaarihistoria.fi\/sv\/event\/utstallning-flykten-till-mumindalen-regnbagsstig\/#breadcrumb","itemListElement":[{"@type":"ListItem","position":1,"name":"Etusivu","item":"https:\/\/sateenkaarihistoria.fi\/sv\/"},{"@type":"ListItem","position":2,"name":"Tapahtumat","item":"https:\/\/sateenkaarihistoria.fi\/events\/"},{"@type":"ListItem","position":3,"name":"Utst\u00e4llning: Flykten till Mumindalen &#038; regnb\u00e5gsstig"}]},{"@type":"WebSite","@id":"https:\/\/sateenkaarihistoria.fi\/#website","url":"https:\/\/sateenkaarihistoria.fi\/","name":"Sateenkaari\u00adhistorian yst\u00e4v\u00e4t","description":"Suomalaisen sateenkaarihistorian verkkopalvelu, joka kokoaa yhteen l\u00e4hteit\u00e4, aineistoja ja tietoa queer-historiasta, transhistoriasta, sukupuoliv\u00e4hemmist\u00f6jen ja seksuaaliv\u00e4hemmist\u00f6jen historiasta sek\u00e4 niiden tutkimuksesta.","publisher":{"@id":"https:\/\/sateenkaarihistoria.fi\/#organization"},"potentialAction":[{"@type":"SearchAction","target":{"@type":"EntryPoint","urlTemplate":"https:\/\/sateenkaarihistoria.fi\/?s={search_term_string}"},"query-input":{"@type":"PropertyValueSpecification","valueRequired":true,"valueName":"search_term_string"}}],"inLanguage":"sv-SE"},{"@type":"Organization","@id":"https:\/\/sateenkaarihistoria.fi\/#organization","name":"Sateenkaarihistorian yst\u00e4v\u00e4t","url":"https:\/\/sateenkaarihistoria.fi\/","logo":{"@type":"ImageObject","inLanguage":"sv-SE","@id":"https:\/\/sateenkaarihistoria.fi\/#\/schema\/logo\/image\/","url":"https:\/\/i0.wp.com\/sateenkaarihistoria.fi\/wp-content\/uploads\/2021\/12\/SHY-logo_250x169.jpg?fit=250%2C169&ssl=1","contentUrl":"https:\/\/i0.wp.com\/sateenkaarihistoria.fi\/wp-content\/uploads\/2021\/12\/SHY-logo_250x169.jpg?fit=250%2C169&ssl=1","width":250,"height":169,"caption":"Sateenkaarihistorian yst\u00e4v\u00e4t"},"image":{"@id":"https:\/\/sateenkaarihistoria.fi\/#\/schema\/logo\/image\/"},"sameAs":["https:\/\/www.facebook.com\/sateenkaarihistoria","https:\/\/instagram.com\/sateenkaarihistoria"]}]}},"taxonomy_info":[],"featured_image_src_large":["https:\/\/sateenkaarihistoria.fi\/wp-content\/uploads\/2025\/10\/02-Tove-Jansson-ja-kissa-Psipsina-Helsingin-ateljeessa-1962-Kuva_-Museovirasto-scaled.jpg",1200,1205,false],"author_info":{"display_name":"admin","author_link":"https:\/\/sateenkaarihistoria.fi\/sv\/author\/admin\/"},"comment_info":"","_links":{"self":[{"href":"https:\/\/sateenkaarihistoria.fi\/sv\/wp-json\/wp\/v2\/tribe_events\/18045","targetHints":{"allow":["GET"]}}],"collection":[{"href":"https:\/\/sateenkaarihistoria.fi\/sv\/wp-json\/wp\/v2\/tribe_events"}],"about":[{"href":"https:\/\/sateenkaarihistoria.fi\/sv\/wp-json\/wp\/v2\/types\/tribe_events"}],"author":[{"embeddable":true,"href":"https:\/\/sateenkaarihistoria.fi\/sv\/wp-json\/wp\/v2\/users\/1"}],"version-history":[{"count":2,"href":"https:\/\/sateenkaarihistoria.fi\/sv\/wp-json\/wp\/v2\/tribe_events\/18045\/revisions"}],"predecessor-version":[{"id":18054,"href":"https:\/\/sateenkaarihistoria.fi\/sv\/wp-json\/wp\/v2\/tribe_events\/18045\/revisions\/18054"}],"wp:featuredmedia":[{"embeddable":true,"href":"https:\/\/sateenkaarihistoria.fi\/sv\/wp-json\/wp\/v2\/media\/17870"}],"wp:attachment":[{"href":"https:\/\/sateenkaarihistoria.fi\/sv\/wp-json\/wp\/v2\/media?parent=18045"}],"wp:term":[{"taxonomy":"post_tag","embeddable":true,"href":"https:\/\/sateenkaarihistoria.fi\/sv\/wp-json\/wp\/v2\/tags?post=18045"},{"taxonomy":"tribe_events_cat","embeddable":true,"href":"https:\/\/sateenkaarihistoria.fi\/sv\/wp-json\/wp\/v2\/tribe_events_cat?post=18045"}],"curies":[{"name":"wp","href":"https:\/\/api.w.org\/{rel}","templated":true}]}}