{"id":17929,"date":"2025-10-31T20:13:08","date_gmt":"2025-10-31T18:13:08","guid":{"rendered":"https:\/\/sateenkaarihistoria.fi\/?post_type=tribe_events&#038;p=17929"},"modified":"2025-10-31T20:17:03","modified_gmt":"2025-10-31T18:17:03","slug":"diskussion-om-utanforskap-normer-och-minoritetsstress","status":"publish","type":"tribe_events","link":"https:\/\/sateenkaarihistoria.fi\/sv\/event\/diskussion-om-utanforskap-normer-och-minoritetsstress\/","title":{"rendered":"Diskussion om utanf\u00f6rskap, normer och minoritetsstress"},"content":{"rendered":"<p>Samtalet tar avstamp i f\u00f6rest\u00e4llningen V\u00e5ldets historia, som baserar sig p\u00e5 den franska f\u00f6rfattaren<br \/>\n\u00c9douard Louis\u2019 hyllade romaner G\u00f6ra sig kvitt Eddy Bellegueule och V\u00e5ldets historia. Diskussionens<br \/>\ntematik tangerar queera erfarenheter i n\u00e4rhistorien. Under kv\u00e4llen behandlas utanf\u00f6rskap, normer<br \/>\noch minoritetsstress samt skillnaden mellan att v\u00e4xa upp p\u00e5 en liten ort j\u00e4mf\u00f6rt med en st\u00f6rre stad.<br \/>\nSamtalet lyfter ocks\u00e5 vikten av att kunna hitta sig sj\u00e4lv och k\u00e4nna gemenskap.<\/p>\n<p><strong>Medverkande i diskussionen<\/strong>:<br \/>\nIsabel Flemming, moderator, verksamhetsledare f\u00f6r Regnb\u00e5gsallians rf<br \/>\nAnders\u00a0Huld\u00e9n, projektchef f\u00f6r Nyyti rf:s projekt QueerMieli<br \/>\nJakob H\u00f6glund, Lilla Teaterns konstn\u00e4rliga ledare\u00a0och\u00a0regiss\u00f6r f\u00f6r V\u00e5ldets historia<\/p>\n<p>Fritt intr\u00e4de<\/p>\n<p>Efter diskussionen spelas f\u00f6rest\u00e4llningen V\u00e5ldets historia kl. 18.30.<\/p>\n<p>Biljetter: <a href=\"https:\/\/lillateatern.fi\/biljetter\/\">https:\/\/lillateatern.fi\/biljetter\/<\/a><\/p>\n<p>Under queerhistorisk m\u00e5nad 2025 spelas f\u00f6rest\u00e4llningen \u00e4ven: 11.11, 15.11, 21.11, 22.11, 25.11,<br \/>\n26.11.<\/p>\n<p>&nbsp;<\/p>\n","protected":false},"excerpt":{"rendered":"<p>Samtalet tar avstamp i f\u00f6rest\u00e4llningen V\u00e5ldets historia, som baserar sig p\u00e5 den franska f\u00f6rfattaren \u00c9douard Louis\u2019 hyllade romaner G\u00f6ra sig kvitt Eddy Bellegueule och V\u00e5ldets historia. Diskussionens tematik tangerar queera&hellip;&nbsp;<a href=\"https:\/\/sateenkaarihistoria.fi\/sv\/event\/diskussion-om-utanforskap-normer-och-minoritetsstress\/\" rel=\"bookmark\">L\u00e4s mer &raquo;<span class=\"screen-reader-text\">Diskussion om utanf\u00f6rskap, normer och minoritetsstress<\/span><\/a><\/p>\n","protected":false},"author":1,"featured_media":17922,"template":"","meta":{"_kad_blocks_custom_css":"","_kad_blocks_head_custom_js":"","_kad_blocks_body_custom_js":"","_kad_blocks_footer_custom_js":"","neve_meta_sidebar":"","neve_meta_container":"","neve_meta_enable_content_width":"","neve_meta_content_width":0,"neve_meta_title_alignment":"","neve_meta_author_avatar":"","neve_post_elements_order":"","neve_meta_disable_header":"","neve_meta_disable_footer":"","neve_meta_disable_title":"","_tribe_events_status":"","_tribe_events_status_reason":"","footnotes":""},"tags":[],"tribe_events_cat":[],"class_list":["post-17929","tribe_events","type-tribe_events","status-publish","has-post-thumbnail","hentry"],"yoast_head":"<!-- This site is optimized with the Yoast SEO plugin v26.7 - https:\/\/yoast.com\/wordpress\/plugins\/seo\/ -->\n<title>Diskussion om utanf\u00f6rskap, normer och minoritetsstress - Sateenkaari\u00adhistorian yst\u00e4v\u00e4t<\/title>\n<meta name=\"robots\" content=\"index, follow, max-snippet:-1, max-image-preview:large, max-video-preview:-1\" \/>\n<link rel=\"canonical\" href=\"https:\/\/sateenkaarihistoria.fi\/sv\/event\/diskussion-om-utanforskap-normer-och-minoritetsstress\/\" \/>\n<meta property=\"og:locale\" content=\"sv_SE\" \/>\n<meta property=\"og:type\" content=\"article\" \/>\n<meta property=\"og:title\" content=\"Diskussion om utanf\u00f6rskap, normer och minoritetsstress - Sateenkaari\u00adhistorian yst\u00e4v\u00e4t\" \/>\n<meta property=\"og:description\" content=\"Samtalet tar avstamp i f\u00f6rest\u00e4llningen V\u00e5ldets historia, som baserar sig p\u00e5 den franska f\u00f6rfattaren \u00c9douard Louis\u2019 hyllade romaner G\u00f6ra sig kvitt Eddy Bellegueule och V\u00e5ldets historia. Diskussionens tematik tangerar queera&hellip;&nbsp;L\u00e4s mer &raquo;Diskussion om utanf\u00f6rskap, normer och minoritetsstress\" \/>\n<meta property=\"og:url\" content=\"https:\/\/sateenkaarihistoria.fi\/sv\/event\/diskussion-om-utanforskap-normer-och-minoritetsstress\/\" \/>\n<meta property=\"og:site_name\" content=\"Sateenkaari\u00adhistorian yst\u00e4v\u00e4t\" \/>\n<meta property=\"article:publisher\" content=\"https:\/\/www.facebook.com\/sateenkaarihistoria\" \/>\n<meta property=\"article:modified_time\" content=\"2025-10-31T18:17:03+00:00\" \/>\n<meta property=\"og:image\" content=\"https:\/\/sateenkaarihistoria.fi\/wp-content\/uploads\/2025\/10\/LT_VH_diskussion__1080-x-1080_v1-1024x1024-1.jpg\" \/>\n\t<meta property=\"og:image:width\" content=\"1024\" \/>\n\t<meta property=\"og:image:height\" content=\"1024\" \/>\n\t<meta property=\"og:image:type\" content=\"image\/jpeg\" \/>\n<meta name=\"twitter:card\" content=\"summary_large_image\" \/>\n<meta name=\"twitter:label1\" content=\"Ber\u00e4knad l\u00e4stid\" \/>\n\t<meta name=\"twitter:data1\" content=\"1 minut\" \/>\n<script type=\"application\/ld+json\" class=\"yoast-schema-graph\">{\"@context\":\"https:\/\/schema.org\",\"@graph\":[{\"@type\":\"WebPage\",\"@id\":\"https:\/\/sateenkaarihistoria.fi\/sv\/event\/diskussion-om-utanforskap-normer-och-minoritetsstress\/\",\"url\":\"https:\/\/sateenkaarihistoria.fi\/sv\/event\/diskussion-om-utanforskap-normer-och-minoritetsstress\/\",\"name\":\"Diskussion om utanf\u00f6rskap, normer och minoritetsstress - Sateenkaari\u00adhistorian yst\u00e4v\u00e4t\",\"isPartOf\":{\"@id\":\"https:\/\/sateenkaarihistoria.fi\/#website\"},\"primaryImageOfPage\":{\"@id\":\"https:\/\/sateenkaarihistoria.fi\/sv\/event\/diskussion-om-utanforskap-normer-och-minoritetsstress\/#primaryimage\"},\"image\":{\"@id\":\"https:\/\/sateenkaarihistoria.fi\/sv\/event\/diskussion-om-utanforskap-normer-och-minoritetsstress\/#primaryimage\"},\"thumbnailUrl\":\"https:\/\/sateenkaarihistoria.fi\/wp-content\/uploads\/2025\/10\/LT_VH_diskussion__1080-x-1080_v1-1024x1024-1.jpg\",\"datePublished\":\"2025-10-31T18:13:08+00:00\",\"dateModified\":\"2025-10-31T18:17:03+00:00\",\"breadcrumb\":{\"@id\":\"https:\/\/sateenkaarihistoria.fi\/sv\/event\/diskussion-om-utanforskap-normer-och-minoritetsstress\/#breadcrumb\"},\"inLanguage\":\"sv-SE\",\"potentialAction\":[{\"@type\":\"ReadAction\",\"target\":[\"https:\/\/sateenkaarihistoria.fi\/sv\/event\/diskussion-om-utanforskap-normer-och-minoritetsstress\/\"]}]},{\"@type\":\"ImageObject\",\"inLanguage\":\"sv-SE\",\"@id\":\"https:\/\/sateenkaarihistoria.fi\/sv\/event\/diskussion-om-utanforskap-normer-och-minoritetsstress\/#primaryimage\",\"url\":\"https:\/\/sateenkaarihistoria.fi\/wp-content\/uploads\/2025\/10\/LT_VH_diskussion__1080-x-1080_v1-1024x1024-1.jpg\",\"contentUrl\":\"https:\/\/sateenkaarihistoria.fi\/wp-content\/uploads\/2025\/10\/LT_VH_diskussion__1080-x-1080_v1-1024x1024-1.jpg\",\"width\":1024,\"height\":1024},{\"@type\":\"BreadcrumbList\",\"@id\":\"https:\/\/sateenkaarihistoria.fi\/sv\/event\/diskussion-om-utanforskap-normer-och-minoritetsstress\/#breadcrumb\",\"itemListElement\":[{\"@type\":\"ListItem\",\"position\":1,\"name\":\"Etusivu\",\"item\":\"https:\/\/sateenkaarihistoria.fi\/sv\/\"},{\"@type\":\"ListItem\",\"position\":2,\"name\":\"Tapahtumat\",\"item\":\"https:\/\/sateenkaarihistoria.fi\/events\/\"},{\"@type\":\"ListItem\",\"position\":3,\"name\":\"Diskussion om utanf\u00f6rskap, normer och minoritetsstress\"}]},{\"@type\":\"WebSite\",\"@id\":\"https:\/\/sateenkaarihistoria.fi\/#website\",\"url\":\"https:\/\/sateenkaarihistoria.fi\/\",\"name\":\"Sateenkaari\u00adhistorian yst\u00e4v\u00e4t\",\"description\":\"Suomalaisen sateenkaarihistorian verkkopalvelu, joka kokoaa yhteen l\u00e4hteit\u00e4, aineistoja ja tietoa queer-historiasta, transhistoriasta, sukupuoliv\u00e4hemmist\u00f6jen ja seksuaaliv\u00e4hemmist\u00f6jen historiasta sek\u00e4 niiden tutkimuksesta.\",\"publisher\":{\"@id\":\"https:\/\/sateenkaarihistoria.fi\/#organization\"},\"potentialAction\":[{\"@type\":\"SearchAction\",\"target\":{\"@type\":\"EntryPoint\",\"urlTemplate\":\"https:\/\/sateenkaarihistoria.fi\/?s={search_term_string}\"},\"query-input\":{\"@type\":\"PropertyValueSpecification\",\"valueRequired\":true,\"valueName\":\"search_term_string\"}}],\"inLanguage\":\"sv-SE\"},{\"@type\":\"Organization\",\"@id\":\"https:\/\/sateenkaarihistoria.fi\/#organization\",\"name\":\"Sateenkaarihistorian yst\u00e4v\u00e4t\",\"url\":\"https:\/\/sateenkaarihistoria.fi\/\",\"logo\":{\"@type\":\"ImageObject\",\"inLanguage\":\"sv-SE\",\"@id\":\"https:\/\/sateenkaarihistoria.fi\/#\/schema\/logo\/image\/\",\"url\":\"https:\/\/i0.wp.com\/sateenkaarihistoria.fi\/wp-content\/uploads\/2021\/12\/SHY-logo_250x169.jpg?fit=250%2C169&ssl=1\",\"contentUrl\":\"https:\/\/i0.wp.com\/sateenkaarihistoria.fi\/wp-content\/uploads\/2021\/12\/SHY-logo_250x169.jpg?fit=250%2C169&ssl=1\",\"width\":250,\"height\":169,\"caption\":\"Sateenkaarihistorian yst\u00e4v\u00e4t\"},\"image\":{\"@id\":\"https:\/\/sateenkaarihistoria.fi\/#\/schema\/logo\/image\/\"},\"sameAs\":[\"https:\/\/www.facebook.com\/sateenkaarihistoria\",\"https:\/\/instagram.com\/sateenkaarihistoria\"]}]}<\/script>\n<!-- \/ Yoast SEO plugin. -->","yoast_head_json":{"title":"Diskussion om utanf\u00f6rskap, normer och minoritetsstress - Sateenkaari\u00adhistorian yst\u00e4v\u00e4t","robots":{"index":"index","follow":"follow","max-snippet":"max-snippet:-1","max-image-preview":"max-image-preview:large","max-video-preview":"max-video-preview:-1"},"canonical":"https:\/\/sateenkaarihistoria.fi\/sv\/event\/diskussion-om-utanforskap-normer-och-minoritetsstress\/","og_locale":"sv_SE","og_type":"article","og_title":"Diskussion om utanf\u00f6rskap, normer och minoritetsstress - Sateenkaari\u00adhistorian yst\u00e4v\u00e4t","og_description":"Samtalet tar avstamp i f\u00f6rest\u00e4llningen V\u00e5ldets historia, som baserar sig p\u00e5 den franska f\u00f6rfattaren \u00c9douard Louis\u2019 hyllade romaner G\u00f6ra sig kvitt Eddy Bellegueule och V\u00e5ldets historia. Diskussionens tematik tangerar queera&hellip;&nbsp;L\u00e4s mer &raquo;Diskussion om utanf\u00f6rskap, normer och minoritetsstress","og_url":"https:\/\/sateenkaarihistoria.fi\/sv\/event\/diskussion-om-utanforskap-normer-och-minoritetsstress\/","og_site_name":"Sateenkaari\u00adhistorian yst\u00e4v\u00e4t","article_publisher":"https:\/\/www.facebook.com\/sateenkaarihistoria","article_modified_time":"2025-10-31T18:17:03+00:00","og_image":[{"width":1024,"height":1024,"url":"https:\/\/sateenkaarihistoria.fi\/wp-content\/uploads\/2025\/10\/LT_VH_diskussion__1080-x-1080_v1-1024x1024-1.jpg","type":"image\/jpeg"}],"twitter_card":"summary_large_image","twitter_misc":{"Ber\u00e4knad l\u00e4stid":"1 minut"},"schema":{"@context":"https:\/\/schema.org","@graph":[{"@type":"WebPage","@id":"https:\/\/sateenkaarihistoria.fi\/sv\/event\/diskussion-om-utanforskap-normer-och-minoritetsstress\/","url":"https:\/\/sateenkaarihistoria.fi\/sv\/event\/diskussion-om-utanforskap-normer-och-minoritetsstress\/","name":"Diskussion om utanf\u00f6rskap, normer och minoritetsstress - Sateenkaari\u00adhistorian yst\u00e4v\u00e4t","isPartOf":{"@id":"https:\/\/sateenkaarihistoria.fi\/#website"},"primaryImageOfPage":{"@id":"https:\/\/sateenkaarihistoria.fi\/sv\/event\/diskussion-om-utanforskap-normer-och-minoritetsstress\/#primaryimage"},"image":{"@id":"https:\/\/sateenkaarihistoria.fi\/sv\/event\/diskussion-om-utanforskap-normer-och-minoritetsstress\/#primaryimage"},"thumbnailUrl":"https:\/\/sateenkaarihistoria.fi\/wp-content\/uploads\/2025\/10\/LT_VH_diskussion__1080-x-1080_v1-1024x1024-1.jpg","datePublished":"2025-10-31T18:13:08+00:00","dateModified":"2025-10-31T18:17:03+00:00","breadcrumb":{"@id":"https:\/\/sateenkaarihistoria.fi\/sv\/event\/diskussion-om-utanforskap-normer-och-minoritetsstress\/#breadcrumb"},"inLanguage":"sv-SE","potentialAction":[{"@type":"ReadAction","target":["https:\/\/sateenkaarihistoria.fi\/sv\/event\/diskussion-om-utanforskap-normer-och-minoritetsstress\/"]}]},{"@type":"ImageObject","inLanguage":"sv-SE","@id":"https:\/\/sateenkaarihistoria.fi\/sv\/event\/diskussion-om-utanforskap-normer-och-minoritetsstress\/#primaryimage","url":"https:\/\/sateenkaarihistoria.fi\/wp-content\/uploads\/2025\/10\/LT_VH_diskussion__1080-x-1080_v1-1024x1024-1.jpg","contentUrl":"https:\/\/sateenkaarihistoria.fi\/wp-content\/uploads\/2025\/10\/LT_VH_diskussion__1080-x-1080_v1-1024x1024-1.jpg","width":1024,"height":1024},{"@type":"BreadcrumbList","@id":"https:\/\/sateenkaarihistoria.fi\/sv\/event\/diskussion-om-utanforskap-normer-och-minoritetsstress\/#breadcrumb","itemListElement":[{"@type":"ListItem","position":1,"name":"Etusivu","item":"https:\/\/sateenkaarihistoria.fi\/sv\/"},{"@type":"ListItem","position":2,"name":"Tapahtumat","item":"https:\/\/sateenkaarihistoria.fi\/events\/"},{"@type":"ListItem","position":3,"name":"Diskussion om utanf\u00f6rskap, normer och minoritetsstress"}]},{"@type":"WebSite","@id":"https:\/\/sateenkaarihistoria.fi\/#website","url":"https:\/\/sateenkaarihistoria.fi\/","name":"Sateenkaari\u00adhistorian yst\u00e4v\u00e4t","description":"Suomalaisen sateenkaarihistorian verkkopalvelu, joka kokoaa yhteen l\u00e4hteit\u00e4, aineistoja ja tietoa queer-historiasta, transhistoriasta, sukupuoliv\u00e4hemmist\u00f6jen ja seksuaaliv\u00e4hemmist\u00f6jen historiasta sek\u00e4 niiden tutkimuksesta.","publisher":{"@id":"https:\/\/sateenkaarihistoria.fi\/#organization"},"potentialAction":[{"@type":"SearchAction","target":{"@type":"EntryPoint","urlTemplate":"https:\/\/sateenkaarihistoria.fi\/?s={search_term_string}"},"query-input":{"@type":"PropertyValueSpecification","valueRequired":true,"valueName":"search_term_string"}}],"inLanguage":"sv-SE"},{"@type":"Organization","@id":"https:\/\/sateenkaarihistoria.fi\/#organization","name":"Sateenkaarihistorian yst\u00e4v\u00e4t","url":"https:\/\/sateenkaarihistoria.fi\/","logo":{"@type":"ImageObject","inLanguage":"sv-SE","@id":"https:\/\/sateenkaarihistoria.fi\/#\/schema\/logo\/image\/","url":"https:\/\/i0.wp.com\/sateenkaarihistoria.fi\/wp-content\/uploads\/2021\/12\/SHY-logo_250x169.jpg?fit=250%2C169&ssl=1","contentUrl":"https:\/\/i0.wp.com\/sateenkaarihistoria.fi\/wp-content\/uploads\/2021\/12\/SHY-logo_250x169.jpg?fit=250%2C169&ssl=1","width":250,"height":169,"caption":"Sateenkaarihistorian yst\u00e4v\u00e4t"},"image":{"@id":"https:\/\/sateenkaarihistoria.fi\/#\/schema\/logo\/image\/"},"sameAs":["https:\/\/www.facebook.com\/sateenkaarihistoria","https:\/\/instagram.com\/sateenkaarihistoria"]}]}},"taxonomy_info":[],"featured_image_src_large":["https:\/\/sateenkaarihistoria.fi\/wp-content\/uploads\/2025\/10\/LT_VH_diskussion__1080-x-1080_v1-1024x1024-1.jpg",1024,1024,false],"author_info":{"display_name":"admin","author_link":"https:\/\/sateenkaarihistoria.fi\/sv\/author\/admin\/"},"comment_info":"","_links":{"self":[{"href":"https:\/\/sateenkaarihistoria.fi\/sv\/wp-json\/wp\/v2\/tribe_events\/17929","targetHints":{"allow":["GET"]}}],"collection":[{"href":"https:\/\/sateenkaarihistoria.fi\/sv\/wp-json\/wp\/v2\/tribe_events"}],"about":[{"href":"https:\/\/sateenkaarihistoria.fi\/sv\/wp-json\/wp\/v2\/types\/tribe_events"}],"author":[{"embeddable":true,"href":"https:\/\/sateenkaarihistoria.fi\/sv\/wp-json\/wp\/v2\/users\/1"}],"version-history":[{"count":1,"href":"https:\/\/sateenkaarihistoria.fi\/sv\/wp-json\/wp\/v2\/tribe_events\/17929\/revisions"}],"predecessor-version":[{"id":17932,"href":"https:\/\/sateenkaarihistoria.fi\/sv\/wp-json\/wp\/v2\/tribe_events\/17929\/revisions\/17932"}],"wp:featuredmedia":[{"embeddable":true,"href":"https:\/\/sateenkaarihistoria.fi\/sv\/wp-json\/wp\/v2\/media\/17922"}],"wp:attachment":[{"href":"https:\/\/sateenkaarihistoria.fi\/sv\/wp-json\/wp\/v2\/media?parent=17929"}],"wp:term":[{"taxonomy":"post_tag","embeddable":true,"href":"https:\/\/sateenkaarihistoria.fi\/sv\/wp-json\/wp\/v2\/tags?post=17929"},{"taxonomy":"tribe_events_cat","embeddable":true,"href":"https:\/\/sateenkaarihistoria.fi\/sv\/wp-json\/wp\/v2\/tribe_events_cat?post=17929"}],"curies":[{"name":"wp","href":"https:\/\/api.w.org\/{rel}","templated":true}]}}