{"id":17916,"date":"2025-10-31T20:03:00","date_gmt":"2025-10-31T18:03:00","guid":{"rendered":"https:\/\/sateenkaarihistoria.fi\/?post_type=tribe_events&#038;p=17916"},"modified":"2025-10-31T20:29:13","modified_gmt":"2025-10-31T18:29:13","slug":"amos-a","status":"publish","type":"tribe_events","link":"https:\/\/sateenkaarihistoria.fi\/sv\/event\/amos-a\/","title":{"rendered":"Amos A"},"content":{"rendered":"<p>En pj\u00e4s om den finlandssvenska miljon\u00e4ren, tidnings\u00e4garen, chefredakt\u00f6ren, regiss\u00f6ren,<br \/>\nkulturmecenaten, riksdagsmannen och aff\u00e4rsmannen Amos Anderson, som \u00e4ven inneh\u00e5ller en<br \/>\nqueerhistorisk vinkel.<\/p>\n<p>Recension i Ny Tid: <a href=\"https:\/\/www.nytid.fi\/2025\/09\/amos-as-styrkor-ar-ocksa-dess-brister\/\">https:\/\/www.nytid.fi\/2025\/09\/amos-as-styrkor-ar-ocksa-dess-brister\/<\/a><\/p>\n<p>Under queerhistorisk m\u00e5nad 2025 spelas pj\u00e4sen 8.11, 13.11, 14.11, 15.11 (ett f\u00e5tal platser kvar).<br \/>\nF\u00f6rest\u00e4llningarna forts\u00e4tter till maj 2026.<\/p>\n<p>L\u00e4s mera\/biljetter: <a href=\"https:\/\/svenskateatern.fi\/repertoar\/amos-a\/\">https:\/\/svenskateatern.fi\/repertoar\/amos-a\/<\/a><\/p>\n<p>Kaikki n\u00e4yt\u00f6kset <a href=\"https:\/\/svenskateatern.fi\/fi\/tekstitys\/\">tekstitet\u00e4\u00e4n suomeksi<\/a>.<\/p>\n<p>&nbsp;<\/p>\n<p>Bild: Patrick Henriksen \/ Amos A \/ Svenska Teatern \/ Photo by Cata Portin<\/p>\n","protected":false},"excerpt":{"rendered":"<p>En pj\u00e4s om den finlandssvenska miljon\u00e4ren, tidnings\u00e4garen, chefredakt\u00f6ren, regiss\u00f6ren, kulturmecenaten, riksdagsmannen och aff\u00e4rsmannen Amos Anderson, som \u00e4ven inneh\u00e5ller en queerhistorisk vinkel. Recension i Ny Tid: https:\/\/www.nytid.fi\/2025\/09\/amos-as-styrkor-ar-ocksa-dess-brister\/ Under queerhistorisk m\u00e5nad 2025&hellip;&nbsp;<a href=\"https:\/\/sateenkaarihistoria.fi\/sv\/event\/amos-a\/\" rel=\"bookmark\">L\u00e4s mer &raquo;<span class=\"screen-reader-text\">Amos A<\/span><\/a><\/p>\n","protected":false},"author":1,"featured_media":17910,"template":"","meta":{"_kad_blocks_custom_css":"","_kad_blocks_head_custom_js":"","_kad_blocks_body_custom_js":"","_kad_blocks_footer_custom_js":"","neve_meta_sidebar":"","neve_meta_container":"","neve_meta_enable_content_width":"","neve_meta_content_width":0,"neve_meta_title_alignment":"","neve_meta_author_avatar":"","neve_post_elements_order":"","neve_meta_disable_header":"","neve_meta_disable_footer":"","neve_meta_disable_title":"","_tribe_events_status":"","_tribe_events_status_reason":"","footnotes":""},"tags":[],"tribe_events_cat":[],"class_list":["post-17916","tribe_events","type-tribe_events","status-publish","has-post-thumbnail","hentry"],"yoast_head":"<!-- This site is optimized with the Yoast SEO plugin v26.7 - https:\/\/yoast.com\/wordpress\/plugins\/seo\/ -->\n<title>Amos A - Sateenkaari\u00adhistorian yst\u00e4v\u00e4t<\/title>\n<meta name=\"robots\" content=\"index, follow, max-snippet:-1, max-image-preview:large, max-video-preview:-1\" \/>\n<link rel=\"canonical\" href=\"https:\/\/sateenkaarihistoria.fi\/sv\/event\/amos-a\/\" \/>\n<meta property=\"og:locale\" content=\"sv_SE\" \/>\n<meta property=\"og:type\" content=\"article\" \/>\n<meta property=\"og:title\" content=\"Amos A - Sateenkaari\u00adhistorian yst\u00e4v\u00e4t\" \/>\n<meta property=\"og:description\" content=\"En pj\u00e4s om den finlandssvenska miljon\u00e4ren, tidnings\u00e4garen, chefredakt\u00f6ren, regiss\u00f6ren, kulturmecenaten, riksdagsmannen och aff\u00e4rsmannen Amos Anderson, som \u00e4ven inneh\u00e5ller en queerhistorisk vinkel. Recension i Ny Tid: https:\/\/www.nytid.fi\/2025\/09\/amos-as-styrkor-ar-ocksa-dess-brister\/ Under queerhistorisk m\u00e5nad 2025&hellip;&nbsp;L\u00e4s mer &raquo;Amos A\" \/>\n<meta property=\"og:url\" content=\"https:\/\/sateenkaarihistoria.fi\/sv\/event\/amos-a\/\" \/>\n<meta property=\"og:site_name\" content=\"Sateenkaari\u00adhistorian yst\u00e4v\u00e4t\" \/>\n<meta property=\"article:publisher\" content=\"https:\/\/www.facebook.com\/sateenkaarihistoria\" \/>\n<meta property=\"article:modified_time\" content=\"2025-10-31T18:29:13+00:00\" \/>\n<meta property=\"og:image\" content=\"https:\/\/sateenkaarihistoria.fi\/wp-content\/uploads\/2025\/10\/54757953391_26a75fa4f9_c.jpg\" \/>\n\t<meta property=\"og:image:width\" content=\"800\" \/>\n\t<meta property=\"og:image:height\" content=\"533\" \/>\n\t<meta property=\"og:image:type\" content=\"image\/jpeg\" \/>\n<meta name=\"twitter:card\" content=\"summary_large_image\" \/>\n<meta name=\"twitter:label1\" content=\"Ber\u00e4knad l\u00e4stid\" \/>\n\t<meta name=\"twitter:data1\" content=\"1 minut\" \/>\n<script type=\"application\/ld+json\" class=\"yoast-schema-graph\">{\"@context\":\"https:\/\/schema.org\",\"@graph\":[{\"@type\":\"WebPage\",\"@id\":\"https:\/\/sateenkaarihistoria.fi\/sv\/event\/amos-a\/\",\"url\":\"https:\/\/sateenkaarihistoria.fi\/sv\/event\/amos-a\/\",\"name\":\"Amos A - Sateenkaari\u00adhistorian yst\u00e4v\u00e4t\",\"isPartOf\":{\"@id\":\"https:\/\/sateenkaarihistoria.fi\/#website\"},\"primaryImageOfPage\":{\"@id\":\"https:\/\/sateenkaarihistoria.fi\/sv\/event\/amos-a\/#primaryimage\"},\"image\":{\"@id\":\"https:\/\/sateenkaarihistoria.fi\/sv\/event\/amos-a\/#primaryimage\"},\"thumbnailUrl\":\"https:\/\/sateenkaarihistoria.fi\/wp-content\/uploads\/2025\/10\/54757953391_26a75fa4f9_c.jpg\",\"datePublished\":\"2025-10-31T18:03:00+00:00\",\"dateModified\":\"2025-10-31T18:29:13+00:00\",\"breadcrumb\":{\"@id\":\"https:\/\/sateenkaarihistoria.fi\/sv\/event\/amos-a\/#breadcrumb\"},\"inLanguage\":\"sv-SE\",\"potentialAction\":[{\"@type\":\"ReadAction\",\"target\":[\"https:\/\/sateenkaarihistoria.fi\/sv\/event\/amos-a\/\"]}]},{\"@type\":\"ImageObject\",\"inLanguage\":\"sv-SE\",\"@id\":\"https:\/\/sateenkaarihistoria.fi\/sv\/event\/amos-a\/#primaryimage\",\"url\":\"https:\/\/sateenkaarihistoria.fi\/wp-content\/uploads\/2025\/10\/54757953391_26a75fa4f9_c.jpg\",\"contentUrl\":\"https:\/\/sateenkaarihistoria.fi\/wp-content\/uploads\/2025\/10\/54757953391_26a75fa4f9_c.jpg\",\"width\":800,\"height\":533},{\"@type\":\"BreadcrumbList\",\"@id\":\"https:\/\/sateenkaarihistoria.fi\/sv\/event\/amos-a\/#breadcrumb\",\"itemListElement\":[{\"@type\":\"ListItem\",\"position\":1,\"name\":\"Etusivu\",\"item\":\"https:\/\/sateenkaarihistoria.fi\/sv\/\"},{\"@type\":\"ListItem\",\"position\":2,\"name\":\"Tapahtumat\",\"item\":\"https:\/\/sateenkaarihistoria.fi\/events\/\"},{\"@type\":\"ListItem\",\"position\":3,\"name\":\"Amos A\"}]},{\"@type\":\"WebSite\",\"@id\":\"https:\/\/sateenkaarihistoria.fi\/#website\",\"url\":\"https:\/\/sateenkaarihistoria.fi\/\",\"name\":\"Sateenkaari\u00adhistorian yst\u00e4v\u00e4t\",\"description\":\"Suomalaisen sateenkaarihistorian verkkopalvelu, joka kokoaa yhteen l\u00e4hteit\u00e4, aineistoja ja tietoa queer-historiasta, transhistoriasta, sukupuoliv\u00e4hemmist\u00f6jen ja seksuaaliv\u00e4hemmist\u00f6jen historiasta sek\u00e4 niiden tutkimuksesta.\",\"publisher\":{\"@id\":\"https:\/\/sateenkaarihistoria.fi\/#organization\"},\"potentialAction\":[{\"@type\":\"SearchAction\",\"target\":{\"@type\":\"EntryPoint\",\"urlTemplate\":\"https:\/\/sateenkaarihistoria.fi\/?s={search_term_string}\"},\"query-input\":{\"@type\":\"PropertyValueSpecification\",\"valueRequired\":true,\"valueName\":\"search_term_string\"}}],\"inLanguage\":\"sv-SE\"},{\"@type\":\"Organization\",\"@id\":\"https:\/\/sateenkaarihistoria.fi\/#organization\",\"name\":\"Sateenkaarihistorian yst\u00e4v\u00e4t\",\"url\":\"https:\/\/sateenkaarihistoria.fi\/\",\"logo\":{\"@type\":\"ImageObject\",\"inLanguage\":\"sv-SE\",\"@id\":\"https:\/\/sateenkaarihistoria.fi\/#\/schema\/logo\/image\/\",\"url\":\"https:\/\/i0.wp.com\/sateenkaarihistoria.fi\/wp-content\/uploads\/2021\/12\/SHY-logo_250x169.jpg?fit=250%2C169&ssl=1\",\"contentUrl\":\"https:\/\/i0.wp.com\/sateenkaarihistoria.fi\/wp-content\/uploads\/2021\/12\/SHY-logo_250x169.jpg?fit=250%2C169&ssl=1\",\"width\":250,\"height\":169,\"caption\":\"Sateenkaarihistorian yst\u00e4v\u00e4t\"},\"image\":{\"@id\":\"https:\/\/sateenkaarihistoria.fi\/#\/schema\/logo\/image\/\"},\"sameAs\":[\"https:\/\/www.facebook.com\/sateenkaarihistoria\",\"https:\/\/instagram.com\/sateenkaarihistoria\"]}]}<\/script>\n<!-- \/ Yoast SEO plugin. -->","yoast_head_json":{"title":"Amos A - Sateenkaari\u00adhistorian yst\u00e4v\u00e4t","robots":{"index":"index","follow":"follow","max-snippet":"max-snippet:-1","max-image-preview":"max-image-preview:large","max-video-preview":"max-video-preview:-1"},"canonical":"https:\/\/sateenkaarihistoria.fi\/sv\/event\/amos-a\/","og_locale":"sv_SE","og_type":"article","og_title":"Amos A - Sateenkaari\u00adhistorian yst\u00e4v\u00e4t","og_description":"En pj\u00e4s om den finlandssvenska miljon\u00e4ren, tidnings\u00e4garen, chefredakt\u00f6ren, regiss\u00f6ren, kulturmecenaten, riksdagsmannen och aff\u00e4rsmannen Amos Anderson, som \u00e4ven inneh\u00e5ller en queerhistorisk vinkel. Recension i Ny Tid: https:\/\/www.nytid.fi\/2025\/09\/amos-as-styrkor-ar-ocksa-dess-brister\/ Under queerhistorisk m\u00e5nad 2025&hellip;&nbsp;L\u00e4s mer &raquo;Amos A","og_url":"https:\/\/sateenkaarihistoria.fi\/sv\/event\/amos-a\/","og_site_name":"Sateenkaari\u00adhistorian yst\u00e4v\u00e4t","article_publisher":"https:\/\/www.facebook.com\/sateenkaarihistoria","article_modified_time":"2025-10-31T18:29:13+00:00","og_image":[{"width":800,"height":533,"url":"https:\/\/sateenkaarihistoria.fi\/wp-content\/uploads\/2025\/10\/54757953391_26a75fa4f9_c.jpg","type":"image\/jpeg"}],"twitter_card":"summary_large_image","twitter_misc":{"Ber\u00e4knad l\u00e4stid":"1 minut"},"schema":{"@context":"https:\/\/schema.org","@graph":[{"@type":"WebPage","@id":"https:\/\/sateenkaarihistoria.fi\/sv\/event\/amos-a\/","url":"https:\/\/sateenkaarihistoria.fi\/sv\/event\/amos-a\/","name":"Amos A - Sateenkaari\u00adhistorian yst\u00e4v\u00e4t","isPartOf":{"@id":"https:\/\/sateenkaarihistoria.fi\/#website"},"primaryImageOfPage":{"@id":"https:\/\/sateenkaarihistoria.fi\/sv\/event\/amos-a\/#primaryimage"},"image":{"@id":"https:\/\/sateenkaarihistoria.fi\/sv\/event\/amos-a\/#primaryimage"},"thumbnailUrl":"https:\/\/sateenkaarihistoria.fi\/wp-content\/uploads\/2025\/10\/54757953391_26a75fa4f9_c.jpg","datePublished":"2025-10-31T18:03:00+00:00","dateModified":"2025-10-31T18:29:13+00:00","breadcrumb":{"@id":"https:\/\/sateenkaarihistoria.fi\/sv\/event\/amos-a\/#breadcrumb"},"inLanguage":"sv-SE","potentialAction":[{"@type":"ReadAction","target":["https:\/\/sateenkaarihistoria.fi\/sv\/event\/amos-a\/"]}]},{"@type":"ImageObject","inLanguage":"sv-SE","@id":"https:\/\/sateenkaarihistoria.fi\/sv\/event\/amos-a\/#primaryimage","url":"https:\/\/sateenkaarihistoria.fi\/wp-content\/uploads\/2025\/10\/54757953391_26a75fa4f9_c.jpg","contentUrl":"https:\/\/sateenkaarihistoria.fi\/wp-content\/uploads\/2025\/10\/54757953391_26a75fa4f9_c.jpg","width":800,"height":533},{"@type":"BreadcrumbList","@id":"https:\/\/sateenkaarihistoria.fi\/sv\/event\/amos-a\/#breadcrumb","itemListElement":[{"@type":"ListItem","position":1,"name":"Etusivu","item":"https:\/\/sateenkaarihistoria.fi\/sv\/"},{"@type":"ListItem","position":2,"name":"Tapahtumat","item":"https:\/\/sateenkaarihistoria.fi\/events\/"},{"@type":"ListItem","position":3,"name":"Amos A"}]},{"@type":"WebSite","@id":"https:\/\/sateenkaarihistoria.fi\/#website","url":"https:\/\/sateenkaarihistoria.fi\/","name":"Sateenkaari\u00adhistorian yst\u00e4v\u00e4t","description":"Suomalaisen sateenkaarihistorian verkkopalvelu, joka kokoaa yhteen l\u00e4hteit\u00e4, aineistoja ja tietoa queer-historiasta, transhistoriasta, sukupuoliv\u00e4hemmist\u00f6jen ja seksuaaliv\u00e4hemmist\u00f6jen historiasta sek\u00e4 niiden tutkimuksesta.","publisher":{"@id":"https:\/\/sateenkaarihistoria.fi\/#organization"},"potentialAction":[{"@type":"SearchAction","target":{"@type":"EntryPoint","urlTemplate":"https:\/\/sateenkaarihistoria.fi\/?s={search_term_string}"},"query-input":{"@type":"PropertyValueSpecification","valueRequired":true,"valueName":"search_term_string"}}],"inLanguage":"sv-SE"},{"@type":"Organization","@id":"https:\/\/sateenkaarihistoria.fi\/#organization","name":"Sateenkaarihistorian yst\u00e4v\u00e4t","url":"https:\/\/sateenkaarihistoria.fi\/","logo":{"@type":"ImageObject","inLanguage":"sv-SE","@id":"https:\/\/sateenkaarihistoria.fi\/#\/schema\/logo\/image\/","url":"https:\/\/i0.wp.com\/sateenkaarihistoria.fi\/wp-content\/uploads\/2021\/12\/SHY-logo_250x169.jpg?fit=250%2C169&ssl=1","contentUrl":"https:\/\/i0.wp.com\/sateenkaarihistoria.fi\/wp-content\/uploads\/2021\/12\/SHY-logo_250x169.jpg?fit=250%2C169&ssl=1","width":250,"height":169,"caption":"Sateenkaarihistorian yst\u00e4v\u00e4t"},"image":{"@id":"https:\/\/sateenkaarihistoria.fi\/#\/schema\/logo\/image\/"},"sameAs":["https:\/\/www.facebook.com\/sateenkaarihistoria","https:\/\/instagram.com\/sateenkaarihistoria"]}]}},"taxonomy_info":[],"featured_image_src_large":["https:\/\/sateenkaarihistoria.fi\/wp-content\/uploads\/2025\/10\/54757953391_26a75fa4f9_c.jpg",800,533,false],"author_info":{"display_name":"admin","author_link":"https:\/\/sateenkaarihistoria.fi\/sv\/author\/admin\/"},"comment_info":"","_links":{"self":[{"href":"https:\/\/sateenkaarihistoria.fi\/sv\/wp-json\/wp\/v2\/tribe_events\/17916","targetHints":{"allow":["GET"]}}],"collection":[{"href":"https:\/\/sateenkaarihistoria.fi\/sv\/wp-json\/wp\/v2\/tribe_events"}],"about":[{"href":"https:\/\/sateenkaarihistoria.fi\/sv\/wp-json\/wp\/v2\/types\/tribe_events"}],"author":[{"embeddable":true,"href":"https:\/\/sateenkaarihistoria.fi\/sv\/wp-json\/wp\/v2\/users\/1"}],"version-history":[{"count":2,"href":"https:\/\/sateenkaarihistoria.fi\/sv\/wp-json\/wp\/v2\/tribe_events\/17916\/revisions"}],"predecessor-version":[{"id":17934,"href":"https:\/\/sateenkaarihistoria.fi\/sv\/wp-json\/wp\/v2\/tribe_events\/17916\/revisions\/17934"}],"wp:featuredmedia":[{"embeddable":true,"href":"https:\/\/sateenkaarihistoria.fi\/sv\/wp-json\/wp\/v2\/media\/17910"}],"wp:attachment":[{"href":"https:\/\/sateenkaarihistoria.fi\/sv\/wp-json\/wp\/v2\/media?parent=17916"}],"wp:term":[{"taxonomy":"post_tag","embeddable":true,"href":"https:\/\/sateenkaarihistoria.fi\/sv\/wp-json\/wp\/v2\/tags?post=17916"},{"taxonomy":"tribe_events_cat","embeddable":true,"href":"https:\/\/sateenkaarihistoria.fi\/sv\/wp-json\/wp\/v2\/tribe_events_cat?post=17916"}],"curies":[{"name":"wp","href":"https:\/\/api.w.org\/{rel}","templated":true}]}}