{"id":17802,"date":"2025-10-24T21:43:57","date_gmt":"2025-10-24T18:43:57","guid":{"rendered":"https:\/\/sateenkaarihistoria.fi\/?post_type=tribe_events&#038;p=17802"},"modified":"2025-10-24T21:45:53","modified_gmt":"2025-10-24T18:45:53","slug":"svenskfinlands-queera-arv","status":"publish","type":"tribe_events","link":"https:\/\/sateenkaarihistoria.fi\/sv\/event\/svenskfinlands-queera-arv\/","title":{"rendered":"Svenskfinlands queera arv"},"content":{"rendered":"<p>Svenskfinlands queera arv<br \/>\nTisdagen den 28 oktober<br \/>\nKl. 18:00 &#8211; 21:00<\/p>\n<p>F\u00f6r att uppm\u00e4rksamma den queerhistoriska m\u00e5naden november bjuder vi in till ett seminarium om v\u00e5r gemensamma queera historia d\u00e4r f\u00f6rfattaren och kulturaktivisten Rita Paqval\u00e9n! Rita inleder med en virtuell guidning till Helsingfors (och det \u00f6vriga Finlands) queera historia.<\/p>\n<p>D\u00e4refter leder Isabell Flemming ett samtal med och publiken om hurdan den queera historien ser ut p\u00e5 olika h\u00e5ll i Svenskfinland och hur den queera historien kan bevaras f\u00f6r kommande generationer.<\/p>\n<p>Efter samtalet bjuds det p\u00e5 mingel, drycker och tilltugg. V\u00e4lkomna!<\/p>\n<p>Samtalet arrangeras i samarbete med Regnb\u00e5gsallians Svenskfinland och Luckan.<\/p>\n<p>Mer info om den queerhistoriska m\u00e5naden h\u00e4r: https:\/\/sateenkaarihistoria.fi\/<\/p>\n","protected":false},"excerpt":{"rendered":"<p>Svenskfinlands queera arv Tisdagen den 28 oktober Kl. 18:00 &#8211; 21:00 F\u00f6r att uppm\u00e4rksamma den queerhistoriska m\u00e5naden november bjuder vi in till ett seminarium om v\u00e5r gemensamma queera historia d\u00e4r&hellip;&nbsp;<a href=\"https:\/\/sateenkaarihistoria.fi\/sv\/event\/svenskfinlands-queera-arv\/\" rel=\"bookmark\">L\u00e4s mer &raquo;<span class=\"screen-reader-text\">Svenskfinlands queera arv<\/span><\/a><\/p>\n","protected":false},"author":1,"featured_media":17807,"template":"","meta":{"_kad_blocks_custom_css":"","_kad_blocks_head_custom_js":"","_kad_blocks_body_custom_js":"","_kad_blocks_footer_custom_js":"","neve_meta_sidebar":"","neve_meta_container":"","neve_meta_enable_content_width":"","neve_meta_content_width":0,"neve_meta_title_alignment":"","neve_meta_author_avatar":"","neve_post_elements_order":"","neve_meta_disable_header":"","neve_meta_disable_footer":"","neve_meta_disable_title":"","_tribe_events_status":"","_tribe_events_status_reason":"","footnotes":""},"tags":[],"tribe_events_cat":[],"class_list":["post-17802","tribe_events","type-tribe_events","status-publish","has-post-thumbnail","hentry"],"yoast_head":"<!-- This site is optimized with the Yoast SEO plugin v26.7 - https:\/\/yoast.com\/wordpress\/plugins\/seo\/ -->\n<title>Svenskfinlands queera arv - Sateenkaari\u00adhistorian yst\u00e4v\u00e4t<\/title>\n<meta name=\"robots\" content=\"index, follow, max-snippet:-1, max-image-preview:large, max-video-preview:-1\" \/>\n<link rel=\"canonical\" href=\"https:\/\/sateenkaarihistoria.fi\/sv\/event\/svenskfinlands-queera-arv\/\" \/>\n<meta property=\"og:locale\" content=\"sv_SE\" \/>\n<meta property=\"og:type\" content=\"article\" \/>\n<meta property=\"og:title\" content=\"Svenskfinlands queera arv - Sateenkaari\u00adhistorian yst\u00e4v\u00e4t\" \/>\n<meta property=\"og:description\" content=\"Svenskfinlands queera arv Tisdagen den 28 oktober Kl. 18:00 &#8211; 21:00 F\u00f6r att uppm\u00e4rksamma den queerhistoriska m\u00e5naden november bjuder vi in till ett seminarium om v\u00e5r gemensamma queera historia d\u00e4r&hellip;&nbsp;L\u00e4s mer &raquo;Svenskfinlands queera arv\" \/>\n<meta property=\"og:url\" content=\"https:\/\/sateenkaarihistoria.fi\/sv\/event\/svenskfinlands-queera-arv\/\" \/>\n<meta property=\"og:site_name\" content=\"Sateenkaari\u00adhistorian yst\u00e4v\u00e4t\" \/>\n<meta property=\"article:publisher\" content=\"https:\/\/www.facebook.com\/sateenkaarihistoria\" \/>\n<meta property=\"article:modified_time\" content=\"2025-10-24T18:45:53+00:00\" \/>\n<meta property=\"og:image\" content=\"https:\/\/sateenkaarihistoria.fi\/wp-content\/uploads\/2025\/10\/Skarmavbild-2025-10-24-kl.-14.53.38.png\" \/>\n\t<meta property=\"og:image:width\" content=\"862\" \/>\n\t<meta property=\"og:image:height\" content=\"510\" \/>\n\t<meta property=\"og:image:type\" content=\"image\/png\" \/>\n<meta name=\"twitter:card\" content=\"summary_large_image\" \/>\n<meta name=\"twitter:label1\" content=\"Ber\u00e4knad l\u00e4stid\" \/>\n\t<meta name=\"twitter:data1\" content=\"1 minut\" \/>\n<script type=\"application\/ld+json\" class=\"yoast-schema-graph\">{\"@context\":\"https:\/\/schema.org\",\"@graph\":[{\"@type\":\"WebPage\",\"@id\":\"https:\/\/sateenkaarihistoria.fi\/sv\/event\/svenskfinlands-queera-arv\/\",\"url\":\"https:\/\/sateenkaarihistoria.fi\/sv\/event\/svenskfinlands-queera-arv\/\",\"name\":\"Svenskfinlands queera arv - Sateenkaari\u00adhistorian yst\u00e4v\u00e4t\",\"isPartOf\":{\"@id\":\"https:\/\/sateenkaarihistoria.fi\/#website\"},\"primaryImageOfPage\":{\"@id\":\"https:\/\/sateenkaarihistoria.fi\/sv\/event\/svenskfinlands-queera-arv\/#primaryimage\"},\"image\":{\"@id\":\"https:\/\/sateenkaarihistoria.fi\/sv\/event\/svenskfinlands-queera-arv\/#primaryimage\"},\"thumbnailUrl\":\"https:\/\/sateenkaarihistoria.fi\/wp-content\/uploads\/2025\/10\/Skarmavbild-2025-10-24-kl.-14.53.38.png\",\"datePublished\":\"2025-10-24T18:43:57+00:00\",\"dateModified\":\"2025-10-24T18:45:53+00:00\",\"breadcrumb\":{\"@id\":\"https:\/\/sateenkaarihistoria.fi\/sv\/event\/svenskfinlands-queera-arv\/#breadcrumb\"},\"inLanguage\":\"sv-SE\",\"potentialAction\":[{\"@type\":\"ReadAction\",\"target\":[\"https:\/\/sateenkaarihistoria.fi\/sv\/event\/svenskfinlands-queera-arv\/\"]}]},{\"@type\":\"ImageObject\",\"inLanguage\":\"sv-SE\",\"@id\":\"https:\/\/sateenkaarihistoria.fi\/sv\/event\/svenskfinlands-queera-arv\/#primaryimage\",\"url\":\"https:\/\/sateenkaarihistoria.fi\/wp-content\/uploads\/2025\/10\/Skarmavbild-2025-10-24-kl.-14.53.38.png\",\"contentUrl\":\"https:\/\/sateenkaarihistoria.fi\/wp-content\/uploads\/2025\/10\/Skarmavbild-2025-10-24-kl.-14.53.38.png\",\"width\":862,\"height\":510},{\"@type\":\"BreadcrumbList\",\"@id\":\"https:\/\/sateenkaarihistoria.fi\/sv\/event\/svenskfinlands-queera-arv\/#breadcrumb\",\"itemListElement\":[{\"@type\":\"ListItem\",\"position\":1,\"name\":\"Etusivu\",\"item\":\"https:\/\/sateenkaarihistoria.fi\/sv\/\"},{\"@type\":\"ListItem\",\"position\":2,\"name\":\"Tapahtumat\",\"item\":\"https:\/\/sateenkaarihistoria.fi\/events\/\"},{\"@type\":\"ListItem\",\"position\":3,\"name\":\"Svenskfinlands queera arv\"}]},{\"@type\":\"WebSite\",\"@id\":\"https:\/\/sateenkaarihistoria.fi\/#website\",\"url\":\"https:\/\/sateenkaarihistoria.fi\/\",\"name\":\"Sateenkaari\u00adhistorian yst\u00e4v\u00e4t\",\"description\":\"Suomalaisen sateenkaarihistorian verkkopalvelu, joka kokoaa yhteen l\u00e4hteit\u00e4, aineistoja ja tietoa queer-historiasta, transhistoriasta, sukupuoliv\u00e4hemmist\u00f6jen ja seksuaaliv\u00e4hemmist\u00f6jen historiasta sek\u00e4 niiden tutkimuksesta.\",\"publisher\":{\"@id\":\"https:\/\/sateenkaarihistoria.fi\/#organization\"},\"potentialAction\":[{\"@type\":\"SearchAction\",\"target\":{\"@type\":\"EntryPoint\",\"urlTemplate\":\"https:\/\/sateenkaarihistoria.fi\/?s={search_term_string}\"},\"query-input\":{\"@type\":\"PropertyValueSpecification\",\"valueRequired\":true,\"valueName\":\"search_term_string\"}}],\"inLanguage\":\"sv-SE\"},{\"@type\":\"Organization\",\"@id\":\"https:\/\/sateenkaarihistoria.fi\/#organization\",\"name\":\"Sateenkaarihistorian yst\u00e4v\u00e4t\",\"url\":\"https:\/\/sateenkaarihistoria.fi\/\",\"logo\":{\"@type\":\"ImageObject\",\"inLanguage\":\"sv-SE\",\"@id\":\"https:\/\/sateenkaarihistoria.fi\/#\/schema\/logo\/image\/\",\"url\":\"https:\/\/i0.wp.com\/sateenkaarihistoria.fi\/wp-content\/uploads\/2021\/12\/SHY-logo_250x169.jpg?fit=250%2C169&ssl=1\",\"contentUrl\":\"https:\/\/i0.wp.com\/sateenkaarihistoria.fi\/wp-content\/uploads\/2021\/12\/SHY-logo_250x169.jpg?fit=250%2C169&ssl=1\",\"width\":250,\"height\":169,\"caption\":\"Sateenkaarihistorian yst\u00e4v\u00e4t\"},\"image\":{\"@id\":\"https:\/\/sateenkaarihistoria.fi\/#\/schema\/logo\/image\/\"},\"sameAs\":[\"https:\/\/www.facebook.com\/sateenkaarihistoria\",\"https:\/\/instagram.com\/sateenkaarihistoria\"]}]}<\/script>\n<!-- \/ Yoast SEO plugin. -->","yoast_head_json":{"title":"Svenskfinlands queera arv - Sateenkaari\u00adhistorian yst\u00e4v\u00e4t","robots":{"index":"index","follow":"follow","max-snippet":"max-snippet:-1","max-image-preview":"max-image-preview:large","max-video-preview":"max-video-preview:-1"},"canonical":"https:\/\/sateenkaarihistoria.fi\/sv\/event\/svenskfinlands-queera-arv\/","og_locale":"sv_SE","og_type":"article","og_title":"Svenskfinlands queera arv - Sateenkaari\u00adhistorian yst\u00e4v\u00e4t","og_description":"Svenskfinlands queera arv Tisdagen den 28 oktober Kl. 18:00 &#8211; 21:00 F\u00f6r att uppm\u00e4rksamma den queerhistoriska m\u00e5naden november bjuder vi in till ett seminarium om v\u00e5r gemensamma queera historia d\u00e4r&hellip;&nbsp;L\u00e4s mer &raquo;Svenskfinlands queera arv","og_url":"https:\/\/sateenkaarihistoria.fi\/sv\/event\/svenskfinlands-queera-arv\/","og_site_name":"Sateenkaari\u00adhistorian yst\u00e4v\u00e4t","article_publisher":"https:\/\/www.facebook.com\/sateenkaarihistoria","article_modified_time":"2025-10-24T18:45:53+00:00","og_image":[{"width":862,"height":510,"url":"https:\/\/sateenkaarihistoria.fi\/wp-content\/uploads\/2025\/10\/Skarmavbild-2025-10-24-kl.-14.53.38.png","type":"image\/png"}],"twitter_card":"summary_large_image","twitter_misc":{"Ber\u00e4knad l\u00e4stid":"1 minut"},"schema":{"@context":"https:\/\/schema.org","@graph":[{"@type":"WebPage","@id":"https:\/\/sateenkaarihistoria.fi\/sv\/event\/svenskfinlands-queera-arv\/","url":"https:\/\/sateenkaarihistoria.fi\/sv\/event\/svenskfinlands-queera-arv\/","name":"Svenskfinlands queera arv - Sateenkaari\u00adhistorian yst\u00e4v\u00e4t","isPartOf":{"@id":"https:\/\/sateenkaarihistoria.fi\/#website"},"primaryImageOfPage":{"@id":"https:\/\/sateenkaarihistoria.fi\/sv\/event\/svenskfinlands-queera-arv\/#primaryimage"},"image":{"@id":"https:\/\/sateenkaarihistoria.fi\/sv\/event\/svenskfinlands-queera-arv\/#primaryimage"},"thumbnailUrl":"https:\/\/sateenkaarihistoria.fi\/wp-content\/uploads\/2025\/10\/Skarmavbild-2025-10-24-kl.-14.53.38.png","datePublished":"2025-10-24T18:43:57+00:00","dateModified":"2025-10-24T18:45:53+00:00","breadcrumb":{"@id":"https:\/\/sateenkaarihistoria.fi\/sv\/event\/svenskfinlands-queera-arv\/#breadcrumb"},"inLanguage":"sv-SE","potentialAction":[{"@type":"ReadAction","target":["https:\/\/sateenkaarihistoria.fi\/sv\/event\/svenskfinlands-queera-arv\/"]}]},{"@type":"ImageObject","inLanguage":"sv-SE","@id":"https:\/\/sateenkaarihistoria.fi\/sv\/event\/svenskfinlands-queera-arv\/#primaryimage","url":"https:\/\/sateenkaarihistoria.fi\/wp-content\/uploads\/2025\/10\/Skarmavbild-2025-10-24-kl.-14.53.38.png","contentUrl":"https:\/\/sateenkaarihistoria.fi\/wp-content\/uploads\/2025\/10\/Skarmavbild-2025-10-24-kl.-14.53.38.png","width":862,"height":510},{"@type":"BreadcrumbList","@id":"https:\/\/sateenkaarihistoria.fi\/sv\/event\/svenskfinlands-queera-arv\/#breadcrumb","itemListElement":[{"@type":"ListItem","position":1,"name":"Etusivu","item":"https:\/\/sateenkaarihistoria.fi\/sv\/"},{"@type":"ListItem","position":2,"name":"Tapahtumat","item":"https:\/\/sateenkaarihistoria.fi\/events\/"},{"@type":"ListItem","position":3,"name":"Svenskfinlands queera arv"}]},{"@type":"WebSite","@id":"https:\/\/sateenkaarihistoria.fi\/#website","url":"https:\/\/sateenkaarihistoria.fi\/","name":"Sateenkaari\u00adhistorian yst\u00e4v\u00e4t","description":"Suomalaisen sateenkaarihistorian verkkopalvelu, joka kokoaa yhteen l\u00e4hteit\u00e4, aineistoja ja tietoa queer-historiasta, transhistoriasta, sukupuoliv\u00e4hemmist\u00f6jen ja seksuaaliv\u00e4hemmist\u00f6jen historiasta sek\u00e4 niiden tutkimuksesta.","publisher":{"@id":"https:\/\/sateenkaarihistoria.fi\/#organization"},"potentialAction":[{"@type":"SearchAction","target":{"@type":"EntryPoint","urlTemplate":"https:\/\/sateenkaarihistoria.fi\/?s={search_term_string}"},"query-input":{"@type":"PropertyValueSpecification","valueRequired":true,"valueName":"search_term_string"}}],"inLanguage":"sv-SE"},{"@type":"Organization","@id":"https:\/\/sateenkaarihistoria.fi\/#organization","name":"Sateenkaarihistorian yst\u00e4v\u00e4t","url":"https:\/\/sateenkaarihistoria.fi\/","logo":{"@type":"ImageObject","inLanguage":"sv-SE","@id":"https:\/\/sateenkaarihistoria.fi\/#\/schema\/logo\/image\/","url":"https:\/\/i0.wp.com\/sateenkaarihistoria.fi\/wp-content\/uploads\/2021\/12\/SHY-logo_250x169.jpg?fit=250%2C169&ssl=1","contentUrl":"https:\/\/i0.wp.com\/sateenkaarihistoria.fi\/wp-content\/uploads\/2021\/12\/SHY-logo_250x169.jpg?fit=250%2C169&ssl=1","width":250,"height":169,"caption":"Sateenkaarihistorian yst\u00e4v\u00e4t"},"image":{"@id":"https:\/\/sateenkaarihistoria.fi\/#\/schema\/logo\/image\/"},"sameAs":["https:\/\/www.facebook.com\/sateenkaarihistoria","https:\/\/instagram.com\/sateenkaarihistoria"]}]}},"taxonomy_info":[],"featured_image_src_large":["https:\/\/sateenkaarihistoria.fi\/wp-content\/uploads\/2025\/10\/Skarmavbild-2025-10-24-kl.-14.53.38.png",862,510,false],"author_info":{"display_name":"admin","author_link":"https:\/\/sateenkaarihistoria.fi\/sv\/author\/admin\/"},"comment_info":"","_links":{"self":[{"href":"https:\/\/sateenkaarihistoria.fi\/sv\/wp-json\/wp\/v2\/tribe_events\/17802","targetHints":{"allow":["GET"]}}],"collection":[{"href":"https:\/\/sateenkaarihistoria.fi\/sv\/wp-json\/wp\/v2\/tribe_events"}],"about":[{"href":"https:\/\/sateenkaarihistoria.fi\/sv\/wp-json\/wp\/v2\/types\/tribe_events"}],"author":[{"embeddable":true,"href":"https:\/\/sateenkaarihistoria.fi\/sv\/wp-json\/wp\/v2\/users\/1"}],"version-history":[{"count":2,"href":"https:\/\/sateenkaarihistoria.fi\/sv\/wp-json\/wp\/v2\/tribe_events\/17802\/revisions"}],"predecessor-version":[{"id":17820,"href":"https:\/\/sateenkaarihistoria.fi\/sv\/wp-json\/wp\/v2\/tribe_events\/17802\/revisions\/17820"}],"wp:featuredmedia":[{"embeddable":true,"href":"https:\/\/sateenkaarihistoria.fi\/sv\/wp-json\/wp\/v2\/media\/17807"}],"wp:attachment":[{"href":"https:\/\/sateenkaarihistoria.fi\/sv\/wp-json\/wp\/v2\/media?parent=17802"}],"wp:term":[{"taxonomy":"post_tag","embeddable":true,"href":"https:\/\/sateenkaarihistoria.fi\/sv\/wp-json\/wp\/v2\/tags?post=17802"},{"taxonomy":"tribe_events_cat","embeddable":true,"href":"https:\/\/sateenkaarihistoria.fi\/sv\/wp-json\/wp\/v2\/tribe_events_cat?post=17802"}],"curies":[{"name":"wp","href":"https:\/\/api.w.org\/{rel}","templated":true}]}}