{"id":3053,"date":"2021-10-07T21:29:54","date_gmt":"2021-10-07T18:29:54","guid":{"rendered":"https:\/\/sateenkaarihistoria.fi\/?page_id=3053"},"modified":"2022-11-17T13:00:34","modified_gmt":"2022-11-17T11:00:34","slug":"injustices-of-history-shadows-of-criminalization","status":"publish","type":"page","link":"https:\/\/sateenkaarihistoria.fi\/en\/events-page\/events-archive\/injustices-of-history-shadows-of-criminalization\/","title":{"rendered":"Injustices of History: Shadows of Criminalization"},"content":{"rendered":"\n<figure class=\"wp-block-image size-full\"><img loading=\"lazy\" decoding=\"async\" width=\"1200\" height=\"628\" src=\"https:\/\/sateenkaarihistoria.fi\/wp-content\/uploads\/2021\/06\/verkkosivut_banneri-1.jpg\" alt=\"Teksti Historian v&#xE4;&#xE4;ryydet 2: Kriminalisaation varjo, taustalla mustavalkoinen ja osin ep&#xE4;tarkka kuva mielenosoituksesta. Kyltiss&#xE4; teksti &quot;Kehotuskielto pois&quot;.\" class=\"wp-image-2770\" srcset=\"https:\/\/sateenkaarihistoria.fi\/wp-content\/uploads\/2021\/06\/verkkosivut_banneri-1.jpg 1200w, https:\/\/sateenkaarihistoria.fi\/wp-content\/uploads\/2021\/06\/verkkosivut_banneri-1-1000x523.jpg 1000w, https:\/\/sateenkaarihistoria.fi\/wp-content\/uploads\/2021\/06\/verkkosivut_banneri-1-150x79.jpg 150w, https:\/\/sateenkaarihistoria.fi\/wp-content\/uploads\/2021\/06\/verkkosivut_banneri-1-768x402.jpg 768w\" sizes=\"auto, (max-width: 1200px) 100vw, 1200px\" \/><\/figure>\n\n<div class=\"wp-block-buttons is-layout-flex wp-block-buttons-is-layout-flex\">\n<div class=\"wp-block-button is-style-primary\"><a class=\"wp-block-button__link\" href=\"#osallistuminen\">Osallistuminen ja Ilmoittautuminen<\/a><\/div>\n\n\n\n<div class=\"wp-block-button is-style-primary\"><a class=\"wp-block-button__link\" href=\"#ohjelma\">Ohjelma<\/a><\/div>\n\n\n\n<div class=\"wp-block-button is-style-primary\"><a class=\"wp-block-button__link\" href=\"#saavutettavuus\">Saavutettavuus<\/a><\/div>\n\n\n\n<div class=\"wp-block-button is-style-primary\"><a class=\"wp-block-button__link\" href=\"https:\/\/sateenkaarihistoria.fi\/en\/events-archive\/injustices-of-history-shadows-of-criminalization\/speaker-information-for-injustices-of-history-2-shadows-of-criminalization\/\">Puhujat<\/a><\/div>\n<\/div>\n\n<p><strong>Keskiviikkona 3.11.2021 klo 10.30\u201317.45<\/strong><\/p>\n\n<p>Historian v\u00e4\u00e4ryydet 2: Kriminalisoinnin varjot on toinen Sateenkaarihistorian yst\u00e4vien j\u00e4rjest\u00e4mist\u00e4 merkkivuoden tapahtumista ja toinen osa Historian v\u00e4\u00e4ryydet -tapahtumasarjassa.<\/p>\n\n<p>T\u00e4n\u00e4 vuonna on tullut kuluneeksi 50 vuotta siit\u00e4, kun homoseksuaalisten tekojen rangaistavuus poistettiin rikoslaista Suomessa. Homoseksuaalisuus oli Suomessa rikos vuodesta 1894 vuoteen 1971 eli 76 vuoden ajan. T\u00e4m\u00e4n j\u00e4lkeen oli viel\u00e4 voimassa kehotuskielto vuosina 1971\u20131999, jonka aikana oli rangaistava teko kehottaa julkisesti homoseksuaalisuuteen.<\/p>\n\n<p>Tapahtuma tarjoaa n\u00e4k\u00f6kulmia kriminalisoinnin aikaan ja sen seurauksiin Suomessa sek\u00e4 kommentoi kriminalisoinnin laajoja vaikutuksia my\u00f6s muualla \u2013 sateenkaari-ihmisiin kohdistuva kontrolli ei ole kaikkialla historiaa.<\/p>\n\n<p>Tapahtuma j\u00e4rjestet\u00e4\u00e4n samaan aikaan sek\u00e4 verkossa ett\u00e4 Kansallismuseon Vankilassa, H\u00e4meenlinnassa. Osa ohjelmasta striimataan my\u00f6s avoimesti Facebookissa.<\/p>\n\n<p>Kiit\u00e4mme Koneen s\u00e4\u00e4ti\u00f6t\u00e4 hankkeen rahoituksesta.<\/p>\n\n<p><strong>Kansallismuseon Vankila, Kustaa III:n katu 8, 13100 H\u00e4meenlinna.<\/strong><\/p>\n\n<iframe src=\"https:\/\/www.google.com\/maps\/embed?pb=!1m18!1m12!1m3!1d1934.1212217722193!2d24.45718751635678!3d61.002973182754644!2m3!1f0!2f0!3f0!3m2!1i1024!2i768!4f13.1!3m3!1m2!1s0x468e5dbe44adc487%3A0x842d115e5a062806!2sVankila!5e0!3m2!1sfi!2sfi!4v1633613141041!5m2!1sfi!2sfi\" style=\"border:0;\" allowfullscreen=\"\" loading=\"lazy\" width=\"100%\" height=\"450\"><\/iframe>\n\n<hr class=\"wp-block-separator is-style-wide\"\/>\n\n<h2 class=\"wp-block-heading\" id=\"osallistuminen\">Osallistuminen ja ilmoittautuminen<\/h2>\n\n<p>Tapahtumaan on ennakkoilmoittautuminen.<br\/>Tapahtuma on ilmainen ja j\u00e4rjestet\u00e4\u00e4n sek\u00e4 verkossa ett\u00e4 Kansallismuseon Vankilassa, H\u00e4meenlinnassa. Voit valita seuraavista osallistumisvaihtoehdoista:<\/p>\n\n<ol class=\"wp-block-list\"><li><strong>Ilmoittautumalla paikan p\u00e4\u00e4lle Kansallismuseon Vankilassa, H\u00e4meenlinnassa (40 paikkaa).<\/strong> Osallistujille tarjotaan maksuton lounas (vegaaninen, gluteeniton, p\u00e4hkin\u00e4t\u00f6n) Vankilan tiloissa sek\u00e4 mahdollisuus osallistua maksuttomalle opastetulle kierrokselle Vankilan ja naisvankilan historiaan ohjelman p\u00e4\u00e4tteeksi.<\/li><li><strong>Ilmoittautumalla et\u00e4n\u00e4 webinaarialustalla (ei paikkarajoitusta). <\/strong>P\u00e4\u00e4set osallistumaan koko ohjelmaan, poislukien lounaan sek\u00e4 opastetun kierroksen. Voit kommentoida ja esitt\u00e4\u00e4 kysymyksi\u00e4.<\/li><li><strong>Julkisen striimin kautta ilman ilmoittautumista (ei paikkarajoitusta).<\/strong> P\u00e4\u00e4set seuraamaan osaa ohjelmasta ilman kommentointimahdollisuutta.<\/li><\/ol>\n\n<p>Ilmoittautuminen on auki 8.10. &#8211; 29.10.2021.<br\/>Ilmoittautumalla varaat paikkasi ja p\u00e4\u00e4set parhaiten mukaan keskusteluun.<\/p>\n\n<div class=\"wp-block-buttons is-layout-flex wp-block-buttons-is-layout-flex\">\n<div class=\"wp-block-button is-style-primary\"><a class=\"wp-block-button__link\" href=\"https:\/\/forms.gle\/ADVgC71mAKtKUcCRA\">Ilmoittautumislomake<\/a><\/div>\n<\/div>\n\n<p>Osaa tapahtumasta voi seurata my\u00f6s striimattuna Facebook-sivullamme ilman ilmoittautumista, mutta t\u00e4ll\u00f6in et voi kommentoida keskustelua. Osa esityksist\u00e4 ja keskusteluista tallennetaan ja julkaistaan my\u00f6hemmin sateenkaarihistoria.fi-verkkosivuilla tekstitettyn\u00e4 suomeksi, ruotsiksi ja englanniksi.<\/p>\n\n<hr class=\"wp-block-separator is-style-wide\"\/>\n\n<p><\/p>\n\n<h2 class=\"wp-block-heading\" id=\"ohjelma\">Ohjelma keskiviikkona 3.11.<\/h2>\n\n<p>Huomaathan, ett\u00e4 ohjelma on monikielinen. Vain ennakkoon nauhotetuissa puheenvuoroissa on tekstitykset (suomeksi ja englanniksi).<\/p>\n\n<p>Koko ohjelma tulkataan suomen viittomakielelle sek\u00e4 paikan p\u00e4\u00e4ll\u00e4 ett\u00e4 verkossa osallistuville.<\/p>\n\n<p>Keskustelut 1-4 nauhoitetaan ja julkaistaan my\u00f6hemmin sateenkaarihistoria.fi-verkkosivuilla tekstitettyn\u00e4 suomeksi, ruotsiksi ja englanniksi.<\/p>\n\n<h2 class=\"wp-block-heading\">10.30 &#8211; 10.40 <br\/>Tervetuloa (FI\/EN)<\/h2>\n\n<p><strong>Vankila, Webinaarialusta, Facebook-striimi<\/strong><\/p>\n\n<p>Tapahtuman k\u00e4yt\u00e4nn\u00f6t<br\/>Sateenkaarihistorian yst\u00e4v\u00e4t &amp; Kansallismuseo<\/p>\n\n<h2 class=\"wp-block-heading\">10.40 &#8211; 11.30 <br\/>Homoseksuaalisuuden kriminalisoinnin moraali (FI\/SE)<\/h2>\n\n<p><strong>Vankila, Webinaarialusta, Facebook-striimi<\/strong><\/p>\n\n<p>Mist\u00e4 76 vuotta voimassa ollut kriminalisointi juontaa juurensa ja miten sit\u00e4 perusteltiin? Miten se suhteutuu muihin Pohjoismaihin? Kaksi esitelm\u00e4\u00e4 kriminalisoinnista.<\/p>\n\n<p><strong>Puhujat<\/strong>: <a href=\"https:\/\/sateenkaarihistoria.fi\/en\/events-archive\/injustices-of-history-shadows-of-criminalization\/speaker-information-for-injustices-of-history-2-shadows-of-criminalization\/#slot-1\">Jens Rydstr\u00f6m<\/a> (SE, tekstitys englanniksi ja suomeksi)<br\/>(Peruttu: <a href=\"https:\/\/sateenkaarihistoria.fi\/en\/events-archive\/injustices-of-history-shadows-of-criminalization\/speaker-information-for-injustices-of-history-2-shadows-of-criminalization\/#slot-1\">Antu Sorainen<\/a> (FI))<\/p>\n\n<p><strong>Fasilitoija<\/strong>: <a href=\"https:\/\/sateenkaarihistoria.fi\/en\/events-archive\/injustices-of-history-shadows-of-criminalization\/speaker-information-for-injustices-of-history-2-shadows-of-criminalization\/#fasilitoijat\">Tuula Juvonen<\/a><\/p>\n\n<h2 class=\"wp-block-heading\">11.30 &#8211; 11.40<br\/>Tauko 10 min<\/h2>\n\n<h2 class=\"wp-block-heading\">11.40 &#8211; 12.30<br\/>El\u00e4m\u00e4\u00e4 rikoslain varjossa (FI)<\/h2>\n\n<p><strong>Vankila, Webinaarialusta, Facebook-striimi<\/strong><\/p>\n\n<p>Millaista oli el\u00e4m\u00e4 rikoslain varjossa? Mink\u00e4laista v\u00e4hemmist\u00f6kulttuuria muotoutui ja miten rikoslaki vaikutti ihmisten el\u00e4m\u00e4\u00e4n? Mink\u00e4laisia tilanteita kiinni j\u00e4\u00e4miset olivat?<\/p>\n\n<p><strong>Puhuja<\/strong>: <a href=\"https:\/\/sateenkaarihistoria.fi\/en\/events-archive\/injustices-of-history-shadows-of-criminalization\/speaker-information-for-injustices-of-history-2-shadows-of-criminalization\/#slot-2\">Kati Mustola<\/a><\/p>\n\n<p><strong>Haastattelija<\/strong>: <a href=\"https:\/\/sateenkaarihistoria.fi\/en\/events-archive\/injustices-of-history-shadows-of-criminalization\/speaker-information-for-injustices-of-history-2-shadows-of-criminalization\/#fasilitoijat\">Tuula Juvonen<\/a><\/p>\n\n<h2 class=\"wp-block-heading\"><strong>12.30 &#8211; 13.30<br\/>Lounastauko<\/strong><\/h2>\n\n<p><strong>Esiintyjille ja ilmoittautuneelle yleis\u00f6lle kustannettu lounas Vankilan tiloissa.<\/strong><br\/>Lounas on vegaaninen ja gluteeniton. <\/p>\n\n<ul class=\"wp-block-list\"><li>Leip\u00e4\u00e4 ja hummusta VEG, G<\/li><li>Raikasta vihersalaattia VEG, G<\/li><li>Paahdettua ja pikkel\u00f6ity\u00e4 kurpitsaa, fenkolia ja siemengranolaa VEG, G<\/li><li>Syysperunasalaattia ja pihlajanmarjaa VEG, G<\/li><li>Punajuuri-hernepihvi\u00e4 ja inkiv\u00e4\u00e4rikreemi\u00e4 VEG, G<\/li><li>Pilahviriisi\u00e4 VEG, G<\/li><li>Mustikka-kardemummapiirakkaa ja sitruuna-vaniljamoussea VEG<\/li><li>Kahvia &amp; teet\u00e4<\/li><\/ul>\n\n<p>Lis\u00e4tiedot: sihteeri@sateenkaarihistoria.fi<\/p>\n\n<h2 class=\"wp-block-heading\">13.30 &#8211; 14.30<br\/>Kehotuskielto meill\u00e4 (1971\u20131999) ja muualla (FI\/EN)<\/h2>\n\n<p><strong>Vankila, Webinaarialusta, Facebook-striimi<\/strong><\/p>\n\n<p>Mik\u00e4 oli dekriminalisoinnin yhteydess\u00e4 s\u00e4\u00e4detty kehotuskielto, ja mink\u00e4laista sensuurikulttuuria se tuotti? Mit\u00e4 aktivistit tekiv\u00e4t lain kumoamiseksi? Mink\u00e4laista kehotuskiellon kaltaista lains\u00e4\u00e4d\u00e4nt\u00f6\u00e4 on muualla? <\/p>\n\n<p><strong>Suomen kehotuskielto (1971\u20131999)<\/strong><br\/><a href=\"https:\/\/sateenkaarihistoria.fi\/en\/events-archive\/injustices-of-history-shadows-of-criminalization\/speaker-information-for-injustices-of-history-2-shadows-of-criminalization\/#slot-3\">Ulf M\u00e5nsson<\/a> (EN), 20 min<\/p>\n\n<p><strong>Looking back at Section 28 in the UK<\/strong><br\/><a href=\"https:\/\/sateenkaarihistoria.fi\/en\/events-archive\/injustices-of-history-shadows-of-criminalization\/speaker-information-for-injustices-of-history-2-shadows-of-criminalization\/#slot-3\">Jo Paxton<\/a> (EN, tekstitys englanniksi ja suomeksi), 10 min<\/p>\n\n<p><strong>Puheenvuoro Unkarin LHBTIQA-tilanteesta<\/strong><br\/><a href=\"https:\/\/sateenkaarihistoria.fi\/en\/events-archive\/injustices-of-history-shadows-of-criminalization\/speaker-information-for-injustices-of-history-2-shadows-of-criminalization\/#slot-3\">Luca Dudits<\/a> (EN), 10 min<\/p>\n\n<p><strong>Between decriminalisation of homosexuality and &#8220;anti-gay law&#8221;: changes in legislation and its influence on Russian queer and LGBT community from 90s towards now.\u00a0<\/strong><br\/><a href=\"https:\/\/sateenkaarihistoria.fi\/en\/events-archive\/injustices-of-history-shadows-of-criminalization\/speaker-information-for-injustices-of-history-2-shadows-of-criminalization\/#slot-3\">Alisa Zhabenko<\/a> (EN), 10 min<\/p>\n\n<p><strong>Fasilitoija<\/strong>: <a href=\"https:\/\/sateenkaarihistoria.fi\/en\/events-archive\/injustices-of-history-shadows-of-criminalization\/speaker-information-for-injustices-of-history-2-shadows-of-criminalization\/#fasilitoijat\">Tuula Juvonen<\/a><\/p>\n\n<h2 class=\"wp-block-heading\"><strong>14.30 &#8211; 14.40<br\/>Tauko<\/strong><\/h2>\n\n<h2 class=\"wp-block-heading\">14.40 &#8211; 15.30<br\/>Sukupuolen ja seksuaalisuuden moninaisuuden intersektionaalinen historia museossa (FI)<\/h2>\n\n<p><strong>Vankila, Webinaarialusta, Facebook-striimi<\/strong><\/p>\n\n<p>Miten museot voivat tuoda sukupuolen ja seksuaalisuuden moninaisuutta esiin? Mit\u00e4 ty\u00f6t\u00e4 museon tulee tehd\u00e4 intersektionaalisuuden eteen? Mink\u00e4laisia haasteita n\u00e4ihin liittyy?<\/p>\n\n<p><strong>Puhujat<\/strong>: <a href=\"https:\/\/sateenkaarihistoria.fi\/en\/events-archive\/injustices-of-history-shadows-of-criminalization\/speaker-information-for-injustices-of-history-2-shadows-of-criminalization\/#slot-4\">Elisa Sarpo<\/a> ja <a href=\"https:\/\/sateenkaarihistoria.fi\/en\/events-archive\/injustices-of-history-shadows-of-criminalization\/speaker-information-for-injustices-of-history-2-shadows-of-criminalization\/#slot-4\">Sandra Hagman<\/a><\/p>\n\n<p><strong>Fasilitoija<\/strong>: <a href=\"https:\/\/sateenkaarihistoria.fi\/en\/events-archive\/injustices-of-history-shadows-of-criminalization\/speaker-information-for-injustices-of-history-2-shadows-of-criminalization\/#fasilitoijat\">Wisam Elfadl<\/a><\/p>\n\n<h2 class=\"wp-block-heading\"><strong>15.30 &#8211; 15.40<br\/>Tauko 10 min<\/strong><\/h2>\n\n<h2 class=\"wp-block-heading\">15.40 &#8211; 16.30<br\/>Keskustelu: Queer newcomers&#8217; perspectives on queer migration (EN)<\/h2>\n\n<p><strong>Vankila, Webinaarialusta, Facebook-striimi<\/strong><\/p>\n\n<p>What is the legal and societal situation for LGBTQIA people elsewhere? What structural barriers are there in Finland that are not recognized? Perspectives of the people who have moved to Finland because of gender or sexuality.<\/p>\n\n<p><strong>Keskustelijat<\/strong>: <a href=\"https:\/\/sateenkaarihistoria.fi\/en\/events-archive\/injustices-of-history-shadows-of-criminalization\/speaker-information-for-injustices-of-history-2-shadows-of-criminalization\/#slot-5\">Hassen Hnini<\/a>, <a href=\"https:\/\/sateenkaarihistoria.fi\/en\/events-archive\/injustices-of-history-shadows-of-criminalization\/speaker-information-for-injustices-of-history-2-shadows-of-criminalization\/#slot-5\">Thomas Moose<\/a>, <a href=\"https:\/\/sateenkaarihistoria.fi\/en\/events-archive\/injustices-of-history-shadows-of-criminalization\/speaker-information-for-injustices-of-history-2-shadows-of-criminalization\/#slot-5\">Abdullah Qureshi<\/a><\/p>\n\n<p><strong>Fasilitoija<\/strong>: <a href=\"https:\/\/sateenkaarihistoria.fi\/en\/events-archive\/injustices-of-history-shadows-of-criminalization\/speaker-information-for-injustices-of-history-2-shadows-of-criminalization\/#fasilitoijat\">Wisam Elfadl<\/a><\/p>\n\n<h2 class=\"wp-block-heading\">16.30 &#8211; 16.45<br\/>Yhteenveto<\/h2>\n\n<p>Mit\u00e4 dekriminalisoinnin merkkivuonna voimme sanoa historiasta?<br\/>(Sateenkaarihistorian yst\u00e4v\u00e4t)<\/p>\n\n<p>Lis\u00e4ksi museo-opas Gisela Schultz-Ala-Tala kertoo lyhyesti Vankilan historiasta.<\/p>\n\n<h2 class=\"wp-block-heading\">17.00 &#8211; 17.45<br\/>Opastettu kierros naisvankilan historiaan (FI)<\/h2>\n\n<p>Vain paikan p\u00e4\u00e4ll\u00e4 osallistuville. Naisvankila sijaitsee viereisess\u00e4 H\u00e4meen linnassa. Linna ei valitettavasti ole esteet\u00f6n.<\/p>\n\n<p><strong>Opas<\/strong>: <a href=\"https:\/\/sateenkaarihistoria.fi\/en\/events-archive\/injustices-of-history-shadows-of-criminalization\/speaker-information-for-injustices-of-history-2-shadows-of-criminalization\/#muut\">Gisela Schulz-Ala-Tala<\/a><\/p>\n\n<p><\/p>\n\n<hr class=\"wp-block-separator is-style-wide\"\/>\n\n<h2 class=\"wp-block-heading\" id=\"saavutettavuus\">Saavutettavuus<\/h2>\n\n<h3 class=\"wp-block-heading\">Turvallisuus ja saavutettavuus:<\/h3>\n\n<ul class=\"wp-block-list\"><li>Kaikki tapahtuman toimijat sitoutuvat <a href=\"https:\/\/sateenkaarihistoria.fi\/en\/friends-of-queer-history\/safer-space-guidelines\/\">yhdistyksen turvallisemman tilan periaatteisiin<\/a>. My\u00f6s yleis\u00f6 on vastuussa yhteisest\u00e4 tilasta ja sen turvallisuudesta<\/li><li>Eth\u00e4n tule paikalle, mik\u00e4li sinulla on flunssan oireita. Pid\u00e4th\u00e4n huolta hyv\u00e4st\u00e4 hygieniasta. Suosittelemme kirurgisen kasvomaskin k\u00e4ytt\u00f6\u00e4, mik\u00e4li se vain on mahdollista. Paikan p\u00e4\u00e4ll\u00e4 on mahdollisuus pest\u00e4 ja desinfioida k\u00e4det.<\/li><li>Osallistua voi joko paikan p\u00e4\u00e4ll\u00e4 tai et\u00e4n\u00e4 verkossa. Panostamme tietoturvaan tapahtuman virtuaalisuudessa.<\/li><li>Tapahtuma on monikielinen mutta p\u00e4\u00e4osin suomenkielinen.\u00a0Osassa esityksist\u00e4 on tekstitykset (ks. ohjelma).<\/li><li>Tapahtumassa on liven\u00e4 suomenkielinen viittomakielen tulkkaus, joka n\u00e4kyy my\u00f6s striimiss\u00e4.<\/li><li>Ohjelma tallennetaan ja julkaistaan esiintyjien luvalla. Kaikkiin julkaistaviin tallenteisiin tulee tekstitykset suomeksi, ruotsiksi ja englanniksi. Viimeist\u00e4 ohjelmaosiota (Seksuaalipakolaisuus nyt) ei tallenneta, ja se striimataan ainoastaan ennakkoon ilmoittautuneille osallistujille.<\/li><li>Kansallismuseon Vankila ei valitettavasti ole esteet\u00f6n. P\u00e4\u00e4sis\u00e4\u00e4nk\u00e4ynnill\u00e4 on 9 askelmaa (<a href=\"https:\/\/sateenkaarihistoria.fi\/wp-content\/uploads\/2021\/10\/IMG_0055-scaled.jpg\">katso kuva t\u00e4st\u00e4<\/a>). Rakennuksen takaovella on ramppi, mutta se ei t\u00e4yt\u00e4 t\u00e4ysin py\u00f6r\u00e4tuoli- ja s\u00e4hk\u00f6py\u00f6r\u00e4tuolivaatimuksia (katso kuvat <a href=\"https:\/\/sateenkaarihistoria.fi\/wp-content\/uploads\/2021\/10\/IMG_0047-scaled.jpg\">t\u00e4st\u00e4<\/a> ja <a href=\"https:\/\/sateenkaarihistoria.fi\/wp-content\/uploads\/2021\/10\/IMG_0048-scaled.jpg\">t\u00e4st\u00e4<\/a>). Avustamme tarvittaessa, mik\u00e4li liikkumisesi on hankalaa \u2013 kysy lis\u00e4tietoja: <a href=\"mailto:sihteeri@sateenkaarihistoria.fi\">sihteeri@sateenkaarihistoria.fi<\/a>.<\/li><li>Rakennuksessa on hissi kerroksien v\u00e4lill\u00e4.<\/li><li>Rakennuksessa ei ole induktiosilmukkaa.<\/li><li>Tapahtumatilassa on istumapaikkoja ja \u00e4\u00e4nentoisto.\u00a0<\/li><li>Yleis\u00f6n WC:t ovat sukupuolineutraalit. Esteet\u00f6n WC sijaitsee rakennuksen maakerrassa, johon kulku on hissill\u00e4.<\/li><li>Tarkempia tietoja esteett\u00f6myydest\u00e4 saat ottamalla meihin yhteytt\u00e4: <a href=\"mailto:sihteeri@sateenkaarihistoria.fi\">sihteeri@sateenkaarihistoria.fi<\/a>\u00a0<\/li><\/ul>\n\n<h3 class=\"wp-block-heading\">Kulkuyhteydet Vankilaan:<\/h3>\n\n<p>Jalkaisin H\u00e4meenlinnan rautatieasemalta n. 15 min k\u00e4velymatka (1,7 km). Linja-autoasemalta H\u00e4meenlinnan keskustasta n. 10 min k\u00e4velymatka (1,1 km).<\/p>\n\n<p>H\u00e4meenlinnan julkisella liikenteell\u00e4 l\u00e4himm\u00e4ksi Vankilaa p\u00e4\u00e4see bussilla numero 17 (joka kulkee sek\u00e4 rautatieaseman ett\u00e4 linja-autoaseman kautta). Se j\u00e4tt\u00e4\u00e4 H\u00e4meen linnan ja Vankilan parkkialueen l\u00e4heisyyteen Tampereentielle (pys\u00e4kki LinnanpuistoP), josta on noin 400 metri\u00e4 Vankilalle. Bussi kulkee noin tunnin v\u00e4lein. Toiseen suuntaan menness\u00e4 pys\u00e4kki l\u00f6ytyy samasta kohtaa tien toiselta puolelta (Pys\u00e4kki LinnanpuistoE).<\/p>\n\n<p>Henkil\u00f6autojen ja linja-autojen pys\u00e4k\u00f6inti:<br\/>Vankilan l\u00e4heisyydess\u00e4 Kustaa III:n kadun varrella on P-tunnuksella varustettu maksuton pys\u00e4k\u00f6intialue sek\u00e4 maksuttomia pys\u00e4k\u00f6intipaikkoja kadun varrella. Tampereentien varrelta l\u00f6ytyy toinen maksuton P-tunnuksella varattu pys\u00e4k\u00f6intialue sek\u00e4 henkil\u00f6autoille ett\u00e4 linja-autoille.<\/p>\n","protected":false},"excerpt":{"rendered":"<p>Keskiviikkona 3.11.2021 klo 10.30\u201317.45 Historian v\u00e4\u00e4ryydet 2: Kriminalisoinnin varjot on toinen Sateenkaarihistorian yst\u00e4vien j\u00e4rjest\u00e4mist\u00e4 merkkivuoden tapahtumista ja toinen osa Historian v\u00e4\u00e4ryydet -tapahtumasarjassa. T\u00e4n\u00e4 vuonna on tullut kuluneeksi 50 vuotta siit\u00e4,&hellip;&nbsp;<a href=\"https:\/\/sateenkaarihistoria.fi\/en\/events-page\/events-archive\/injustices-of-history-shadows-of-criminalization\/\" rel=\"bookmark\">Read More &raquo;<span class=\"screen-reader-text\">Injustices of History: Shadows of Criminalization<\/span><\/a><\/p>\n","protected":false},"author":1,"featured_media":2770,"parent":6251,"menu_order":0,"comment_status":"closed","ping_status":"closed","template":"","meta":{"_kad_blocks_custom_css":"","_kad_blocks_head_custom_js":"","_kad_blocks_body_custom_js":"","_kad_blocks_footer_custom_js":"","neve_meta_sidebar":"default","neve_meta_container":"default","neve_meta_enable_content_width":"off","neve_meta_content_width":100,"neve_meta_title_alignment":"","neve_meta_author_avatar":"","neve_post_elements_order":"","neve_meta_disable_header":"","neve_meta_disable_footer":"","neve_meta_disable_title":"","footnotes":""},"ppma_author":[162],"class_list":["post-3053","page","type-page","status-publish","has-post-thumbnail","hentry"],"yoast_head":"<!-- This site is optimized with the Yoast SEO plugin v26.7 - https:\/\/yoast.com\/wordpress\/plugins\/seo\/ -->\n<title>Injustices of History: Shadows of Criminalization - Sateenkaari\u00adhistorian yst\u00e4v\u00e4t<\/title>\n<meta name=\"robots\" content=\"index, follow, max-snippet:-1, max-image-preview:large, max-video-preview:-1\" \/>\n<link rel=\"canonical\" href=\"https:\/\/sateenkaarihistoria.fi\/en\/events-archive\/injustices-of-history-shadows-of-criminalization\/\" \/>\n<meta property=\"og:locale\" content=\"en_US\" \/>\n<meta property=\"og:type\" content=\"article\" \/>\n<meta property=\"og:title\" content=\"Injustices of History: Shadows of Criminalization - Sateenkaari\u00adhistorian yst\u00e4v\u00e4t\" \/>\n<meta property=\"og:description\" content=\"Keskiviikkona 3.11.2021 klo 10.30\u201317.45 Historian v\u00e4\u00e4ryydet 2: Kriminalisoinnin varjot on toinen Sateenkaarihistorian yst\u00e4vien j\u00e4rjest\u00e4mist\u00e4 merkkivuoden tapahtumista ja toinen osa Historian v\u00e4\u00e4ryydet -tapahtumasarjassa. T\u00e4n\u00e4 vuonna on tullut kuluneeksi 50 vuotta siit\u00e4,&hellip;&nbsp;Read More &raquo;Injustices of History: Shadows of Criminalization\" \/>\n<meta property=\"og:url\" content=\"https:\/\/sateenkaarihistoria.fi\/en\/events-archive\/injustices-of-history-shadows-of-criminalization\/\" \/>\n<meta property=\"og:site_name\" content=\"Sateenkaari\u00adhistorian yst\u00e4v\u00e4t\" \/>\n<meta property=\"article:publisher\" content=\"https:\/\/www.facebook.com\/sateenkaarihistoria\" \/>\n<meta property=\"article:modified_time\" content=\"2022-11-17T11:00:34+00:00\" \/>\n<meta property=\"og:image\" content=\"https:\/\/sateenkaarihistoria.fi\/wp-content\/uploads\/2021\/06\/verkkosivut_banneri-1.jpg\" \/>\n\t<meta property=\"og:image:width\" content=\"1200\" \/>\n\t<meta property=\"og:image:height\" content=\"628\" \/>\n\t<meta property=\"og:image:type\" content=\"image\/jpeg\" \/>\n<meta name=\"twitter:card\" content=\"summary_large_image\" \/>\n<meta name=\"twitter:label1\" content=\"Est. reading time\" \/>\n\t<meta name=\"twitter:data1\" content=\"7 minutes\" \/>\n<script type=\"application\/ld+json\" class=\"yoast-schema-graph\">{\"@context\":\"https:\/\/schema.org\",\"@graph\":[{\"@type\":\"WebPage\",\"@id\":\"https:\/\/sateenkaarihistoria.fi\/en\/events-archive\/injustices-of-history-shadows-of-criminalization\/\",\"url\":\"https:\/\/sateenkaarihistoria.fi\/en\/events-archive\/injustices-of-history-shadows-of-criminalization\/\",\"name\":\"Injustices of History: Shadows of Criminalization - Sateenkaari\u00adhistorian yst\u00e4v\u00e4t\",\"isPartOf\":{\"@id\":\"https:\/\/sateenkaarihistoria.fi\/#website\"},\"primaryImageOfPage\":{\"@id\":\"https:\/\/sateenkaarihistoria.fi\/en\/events-archive\/injustices-of-history-shadows-of-criminalization\/#primaryimage\"},\"image\":{\"@id\":\"https:\/\/sateenkaarihistoria.fi\/en\/events-archive\/injustices-of-history-shadows-of-criminalization\/#primaryimage\"},\"thumbnailUrl\":\"https:\/\/sateenkaarihistoria.fi\/wp-content\/uploads\/2021\/06\/verkkosivut_banneri-1.jpg\",\"datePublished\":\"2021-10-07T18:29:54+00:00\",\"dateModified\":\"2022-11-17T11:00:34+00:00\",\"breadcrumb\":{\"@id\":\"https:\/\/sateenkaarihistoria.fi\/en\/events-archive\/injustices-of-history-shadows-of-criminalization\/#breadcrumb\"},\"inLanguage\":\"en-US\",\"potentialAction\":[{\"@type\":\"ReadAction\",\"target\":[\"https:\/\/sateenkaarihistoria.fi\/en\/events-archive\/injustices-of-history-shadows-of-criminalization\/\"]}]},{\"@type\":\"ImageObject\",\"inLanguage\":\"en-US\",\"@id\":\"https:\/\/sateenkaarihistoria.fi\/en\/events-archive\/injustices-of-history-shadows-of-criminalization\/#primaryimage\",\"url\":\"https:\/\/sateenkaarihistoria.fi\/wp-content\/uploads\/2021\/06\/verkkosivut_banneri-1.jpg\",\"contentUrl\":\"https:\/\/sateenkaarihistoria.fi\/wp-content\/uploads\/2021\/06\/verkkosivut_banneri-1.jpg\",\"width\":1200,\"height\":628,\"caption\":\"Teksti Historian v\u00e4\u00e4ryydet 2: Kriminalisaation varjo, taustalla mustavalkoinen ja osin ep\u00e4tarkka kuva mielenosoituksesta. Kyltiss\u00e4 teksti \\\"Kehotuskielto pois\\\".\"},{\"@type\":\"BreadcrumbList\",\"@id\":\"https:\/\/sateenkaarihistoria.fi\/en\/events-archive\/injustices-of-history-shadows-of-criminalization\/#breadcrumb\",\"itemListElement\":[{\"@type\":\"ListItem\",\"position\":1,\"name\":\"Etusivu\",\"item\":\"https:\/\/sateenkaarihistoria.fi\/en\/\"},{\"@type\":\"ListItem\",\"position\":2,\"name\":\"Events archive\",\"item\":\"https:\/\/sateenkaarihistoria.fi\/en\/events-archive\/\"},{\"@type\":\"ListItem\",\"position\":3,\"name\":\"Injustices of History: Shadows of Criminalization\"}]},{\"@type\":\"WebSite\",\"@id\":\"https:\/\/sateenkaarihistoria.fi\/#website\",\"url\":\"https:\/\/sateenkaarihistoria.fi\/\",\"name\":\"Sateenkaari\u00adhistorian yst\u00e4v\u00e4t\",\"description\":\"Suomalaisen sateenkaarihistorian verkkopalvelu, joka kokoaa yhteen l\u00e4hteit\u00e4, aineistoja ja tietoa queer-historiasta, transhistoriasta, sukupuoliv\u00e4hemmist\u00f6jen ja seksuaaliv\u00e4hemmist\u00f6jen historiasta sek\u00e4 niiden tutkimuksesta.\",\"publisher\":{\"@id\":\"https:\/\/sateenkaarihistoria.fi\/#organization\"},\"potentialAction\":[{\"@type\":\"SearchAction\",\"target\":{\"@type\":\"EntryPoint\",\"urlTemplate\":\"https:\/\/sateenkaarihistoria.fi\/?s={search_term_string}\"},\"query-input\":{\"@type\":\"PropertyValueSpecification\",\"valueRequired\":true,\"valueName\":\"search_term_string\"}}],\"inLanguage\":\"en-US\"},{\"@type\":\"Organization\",\"@id\":\"https:\/\/sateenkaarihistoria.fi\/#organization\",\"name\":\"Sateenkaarihistorian yst\u00e4v\u00e4t\",\"url\":\"https:\/\/sateenkaarihistoria.fi\/\",\"logo\":{\"@type\":\"ImageObject\",\"inLanguage\":\"en-US\",\"@id\":\"https:\/\/sateenkaarihistoria.fi\/#\/schema\/logo\/image\/\",\"url\":\"https:\/\/i0.wp.com\/sateenkaarihistoria.fi\/wp-content\/uploads\/2021\/12\/SHY-logo_250x169.jpg?fit=250%2C169&ssl=1\",\"contentUrl\":\"https:\/\/i0.wp.com\/sateenkaarihistoria.fi\/wp-content\/uploads\/2021\/12\/SHY-logo_250x169.jpg?fit=250%2C169&ssl=1\",\"width\":250,\"height\":169,\"caption\":\"Sateenkaarihistorian yst\u00e4v\u00e4t\"},\"image\":{\"@id\":\"https:\/\/sateenkaarihistoria.fi\/#\/schema\/logo\/image\/\"},\"sameAs\":[\"https:\/\/www.facebook.com\/sateenkaarihistoria\",\"https:\/\/instagram.com\/sateenkaarihistoria\"]}]}<\/script>\n<!-- \/ Yoast SEO plugin. -->","yoast_head_json":{"title":"Injustices of History: Shadows of Criminalization - Sateenkaari\u00adhistorian yst\u00e4v\u00e4t","robots":{"index":"index","follow":"follow","max-snippet":"max-snippet:-1","max-image-preview":"max-image-preview:large","max-video-preview":"max-video-preview:-1"},"canonical":"https:\/\/sateenkaarihistoria.fi\/en\/events-archive\/injustices-of-history-shadows-of-criminalization\/","og_locale":"en_US","og_type":"article","og_title":"Injustices of History: Shadows of Criminalization - Sateenkaari\u00adhistorian yst\u00e4v\u00e4t","og_description":"Keskiviikkona 3.11.2021 klo 10.30\u201317.45 Historian v\u00e4\u00e4ryydet 2: Kriminalisoinnin varjot on toinen Sateenkaarihistorian yst\u00e4vien j\u00e4rjest\u00e4mist\u00e4 merkkivuoden tapahtumista ja toinen osa Historian v\u00e4\u00e4ryydet -tapahtumasarjassa. T\u00e4n\u00e4 vuonna on tullut kuluneeksi 50 vuotta siit\u00e4,&hellip;&nbsp;Read More &raquo;Injustices of History: Shadows of Criminalization","og_url":"https:\/\/sateenkaarihistoria.fi\/en\/events-archive\/injustices-of-history-shadows-of-criminalization\/","og_site_name":"Sateenkaari\u00adhistorian yst\u00e4v\u00e4t","article_publisher":"https:\/\/www.facebook.com\/sateenkaarihistoria","article_modified_time":"2022-11-17T11:00:34+00:00","og_image":[{"width":1200,"height":628,"url":"https:\/\/sateenkaarihistoria.fi\/wp-content\/uploads\/2021\/06\/verkkosivut_banneri-1.jpg","type":"image\/jpeg"}],"twitter_card":"summary_large_image","twitter_misc":{"Est. reading time":"7 minutes"},"schema":{"@context":"https:\/\/schema.org","@graph":[{"@type":"WebPage","@id":"https:\/\/sateenkaarihistoria.fi\/en\/events-archive\/injustices-of-history-shadows-of-criminalization\/","url":"https:\/\/sateenkaarihistoria.fi\/en\/events-archive\/injustices-of-history-shadows-of-criminalization\/","name":"Injustices of History: Shadows of Criminalization - Sateenkaari\u00adhistorian yst\u00e4v\u00e4t","isPartOf":{"@id":"https:\/\/sateenkaarihistoria.fi\/#website"},"primaryImageOfPage":{"@id":"https:\/\/sateenkaarihistoria.fi\/en\/events-archive\/injustices-of-history-shadows-of-criminalization\/#primaryimage"},"image":{"@id":"https:\/\/sateenkaarihistoria.fi\/en\/events-archive\/injustices-of-history-shadows-of-criminalization\/#primaryimage"},"thumbnailUrl":"https:\/\/sateenkaarihistoria.fi\/wp-content\/uploads\/2021\/06\/verkkosivut_banneri-1.jpg","datePublished":"2021-10-07T18:29:54+00:00","dateModified":"2022-11-17T11:00:34+00:00","breadcrumb":{"@id":"https:\/\/sateenkaarihistoria.fi\/en\/events-archive\/injustices-of-history-shadows-of-criminalization\/#breadcrumb"},"inLanguage":"en-US","potentialAction":[{"@type":"ReadAction","target":["https:\/\/sateenkaarihistoria.fi\/en\/events-archive\/injustices-of-history-shadows-of-criminalization\/"]}]},{"@type":"ImageObject","inLanguage":"en-US","@id":"https:\/\/sateenkaarihistoria.fi\/en\/events-archive\/injustices-of-history-shadows-of-criminalization\/#primaryimage","url":"https:\/\/sateenkaarihistoria.fi\/wp-content\/uploads\/2021\/06\/verkkosivut_banneri-1.jpg","contentUrl":"https:\/\/sateenkaarihistoria.fi\/wp-content\/uploads\/2021\/06\/verkkosivut_banneri-1.jpg","width":1200,"height":628,"caption":"Teksti Historian v\u00e4\u00e4ryydet 2: Kriminalisaation varjo, taustalla mustavalkoinen ja osin ep\u00e4tarkka kuva mielenosoituksesta. Kyltiss\u00e4 teksti \"Kehotuskielto pois\"."},{"@type":"BreadcrumbList","@id":"https:\/\/sateenkaarihistoria.fi\/en\/events-archive\/injustices-of-history-shadows-of-criminalization\/#breadcrumb","itemListElement":[{"@type":"ListItem","position":1,"name":"Etusivu","item":"https:\/\/sateenkaarihistoria.fi\/en\/"},{"@type":"ListItem","position":2,"name":"Events archive","item":"https:\/\/sateenkaarihistoria.fi\/en\/events-archive\/"},{"@type":"ListItem","position":3,"name":"Injustices of History: Shadows of Criminalization"}]},{"@type":"WebSite","@id":"https:\/\/sateenkaarihistoria.fi\/#website","url":"https:\/\/sateenkaarihistoria.fi\/","name":"Sateenkaari\u00adhistorian yst\u00e4v\u00e4t","description":"Suomalaisen sateenkaarihistorian verkkopalvelu, joka kokoaa yhteen l\u00e4hteit\u00e4, aineistoja ja tietoa queer-historiasta, transhistoriasta, sukupuoliv\u00e4hemmist\u00f6jen ja seksuaaliv\u00e4hemmist\u00f6jen historiasta sek\u00e4 niiden tutkimuksesta.","publisher":{"@id":"https:\/\/sateenkaarihistoria.fi\/#organization"},"potentialAction":[{"@type":"SearchAction","target":{"@type":"EntryPoint","urlTemplate":"https:\/\/sateenkaarihistoria.fi\/?s={search_term_string}"},"query-input":{"@type":"PropertyValueSpecification","valueRequired":true,"valueName":"search_term_string"}}],"inLanguage":"en-US"},{"@type":"Organization","@id":"https:\/\/sateenkaarihistoria.fi\/#organization","name":"Sateenkaarihistorian yst\u00e4v\u00e4t","url":"https:\/\/sateenkaarihistoria.fi\/","logo":{"@type":"ImageObject","inLanguage":"en-US","@id":"https:\/\/sateenkaarihistoria.fi\/#\/schema\/logo\/image\/","url":"https:\/\/i0.wp.com\/sateenkaarihistoria.fi\/wp-content\/uploads\/2021\/12\/SHY-logo_250x169.jpg?fit=250%2C169&ssl=1","contentUrl":"https:\/\/i0.wp.com\/sateenkaarihistoria.fi\/wp-content\/uploads\/2021\/12\/SHY-logo_250x169.jpg?fit=250%2C169&ssl=1","width":250,"height":169,"caption":"Sateenkaarihistorian yst\u00e4v\u00e4t"},"image":{"@id":"https:\/\/sateenkaarihistoria.fi\/#\/schema\/logo\/image\/"},"sameAs":["https:\/\/www.facebook.com\/sateenkaarihistoria","https:\/\/instagram.com\/sateenkaarihistoria"]}]}},"taxonomy_info":[],"featured_image_src_large":["https:\/\/sateenkaarihistoria.fi\/wp-content\/uploads\/2021\/06\/verkkosivut_banneri-1.jpg",1200,628,false],"author_info":{"display_name":"admin","author_link":"https:\/\/sateenkaarihistoria.fi\/en\/author\/admin\/"},"comment_info":0,"_links":{"self":[{"href":"https:\/\/sateenkaarihistoria.fi\/en\/wp-json\/wp\/v2\/pages\/3053","targetHints":{"allow":["GET"]}}],"collection":[{"href":"https:\/\/sateenkaarihistoria.fi\/en\/wp-json\/wp\/v2\/pages"}],"about":[{"href":"https:\/\/sateenkaarihistoria.fi\/en\/wp-json\/wp\/v2\/types\/page"}],"author":[{"embeddable":true,"href":"https:\/\/sateenkaarihistoria.fi\/en\/wp-json\/wp\/v2\/users\/1"}],"replies":[{"embeddable":true,"href":"https:\/\/sateenkaarihistoria.fi\/en\/wp-json\/wp\/v2\/comments?post=3053"}],"version-history":[{"count":34,"href":"https:\/\/sateenkaarihistoria.fi\/en\/wp-json\/wp\/v2\/pages\/3053\/revisions"}],"predecessor-version":[{"id":7562,"href":"https:\/\/sateenkaarihistoria.fi\/en\/wp-json\/wp\/v2\/pages\/3053\/revisions\/7562"}],"up":[{"embeddable":true,"href":"https:\/\/sateenkaarihistoria.fi\/en\/wp-json\/wp\/v2\/pages\/6251"}],"wp:featuredmedia":[{"embeddable":true,"href":"https:\/\/sateenkaarihistoria.fi\/en\/wp-json\/wp\/v2\/media\/2770"}],"wp:attachment":[{"href":"https:\/\/sateenkaarihistoria.fi\/en\/wp-json\/wp\/v2\/media?parent=3053"}],"wp:term":[{"taxonomy":"author","embeddable":true,"href":"https:\/\/sateenkaarihistoria.fi\/en\/wp-json\/wp\/v2\/ppma_author?post=3053"}],"curies":[{"name":"wp","href":"https:\/\/api.w.org\/{rel}","templated":true}]}}